{"id":4962,"date":"2025-04-24T08:31:43","date_gmt":"2025-04-24T08:31:43","guid":{"rendered":"https:\/\/harttig.ch\/harttig-architekten-architecture-et-optimisation-immobiliere-de-bienne\/"},"modified":"2025-04-24T08:31:44","modified_gmt":"2025-04-24T08:31:44","slug":"harttig-architekten-architecture-et-optimisation-immobiliere-de-bienne","status":"publish","type":"page","link":"https:\/\/harttig.ch\/fr\/","title":{"rendered":"Harttig Architekten. Architecture et optimisation immobili\u00e8re de Bienne"},"content":{"rendered":"[vc_row type=\u00a0\u00bbfull_width_background\u00a0\u00bb full_screen_row_position=\u00a0\u00bbmiddle\u00a0\u00bb column_margin=\u00a0\u00bbdefault\u00a0\u00bb column_direction=\u00a0\u00bbdefault\u00a0\u00bb column_direction_tablet=\u00a0\u00bbdefault\u00a0\u00bb column_direction_phone=\u00a0\u00bbdefault\u00a0\u00bb scene_position=\u00a0\u00bbcenter\u00a0\u00bb top_padding=\u00a0\u00bb12%\u00a0\u00bb bottom_padding=\u00a0\u00bb3%\u00a0\u00bb text_color=\u00a0\u00bbdark\u00a0\u00bb text_align=\u00a0\u00bbleft\u00a0\u00bb row_border_radius=\u00a0\u00bbnone\u00a0\u00bb row_border_radius_applies=\u00a0\u00bbbg\u00a0\u00bb overflow=\u00a0\u00bbvisible\u00a0\u00bb enable_gradient=\u00a0\u00bbtrue\u00a0\u00bb overlay_strength=\u00a0\u00bb1&Prime; gradient_direction=\u00a0\u00bbleft_to_right\u00a0\u00bb shape_divider_position=\u00a0\u00bbbottom\u00a0\u00bb bg_image_animation=\u00a0\u00bbnone\u00a0\u00bb shape_type=\u00a0\u00bb\u00a0\u00bb][vc_column column_padding=\u00a0\u00bbno-extra-padding\u00a0\u00bb column_padding_tablet=\u00a0\u00bbinherit\u00a0\u00bb column_padding_phone=\u00a0\u00bbinherit\u00a0\u00bb column_padding_position=\u00a0\u00bball\u00a0\u00bb column_element_direction_desktop=\u00a0\u00bbdefault\u00a0\u00bb column_element_spacing=\u00a0\u00bbdefault\u00a0\u00bb desktop_text_alignment=\u00a0\u00bbdefault\u00a0\u00bb tablet_text_alignment=\u00a0\u00bbdefault\u00a0\u00bb phone_text_alignment=\u00a0\u00bbdefault\u00a0\u00bb background_color_opacity=\u00a0\u00bb1&Prime; background_hover_color_opacity=\u00a0\u00bb1&Prime; column_backdrop_filter=\u00a0\u00bbnone\u00a0\u00bb column_shadow=\u00a0\u00bbnone\u00a0\u00bb column_border_radius=\u00a0\u00bbnone\u00a0\u00bb column_link_target=\u00a0\u00bb_self\u00a0\u00bb column_position=\u00a0\u00bbdefault\u00a0\u00bb gradient_direction=\u00a0\u00bbleft_to_right\u00a0\u00bb overlay_strength=\u00a0\u00bb0.3&Prime; width=\u00a0\u00bb2\/3&Prime; tablet_width_inherit=\u00a0\u00bbdefault\u00a0\u00bb animation_type=\u00a0\u00bbdefault\u00a0\u00bb bg_image_animation=\u00a0\u00bbnone\u00a0\u00bb border_type=\u00a0\u00bbsimple\u00a0\u00bb column_border_width=\u00a0\u00bbnone\u00a0\u00bb column_border_style=\u00a0\u00bbsolid\u00a0\u00bb][vc_row_inner column_margin=\u00a0\u00bbdefault\u00a0\u00bb column_direction=\u00a0\u00bbdefault\u00a0\u00bb column_direction_tablet=\u00a0\u00bbdefault\u00a0\u00bb column_direction_phone=\u00a0\u00bbdefault\u00a0\u00bb text_align=\u00a0\u00bbleft\u00a0\u00bb row_position=\u00a0\u00bbdefault\u00a0\u00bb row_position_tablet=\u00a0\u00bbinherit\u00a0\u00bb row_position_phone=\u00a0\u00bbinherit\u00a0\u00bb overflow=\u00a0\u00bbvisible\u00a0\u00bb pointer_events=\u00a0\u00bball\u00a0\u00bb][vc_column_inner column_padding=\u00a0\u00bbno-extra-padding\u00a0\u00bb column_padding_tablet=\u00a0\u00bbinherit\u00a0\u00bb column_padding_phone=\u00a0\u00bbinherit\u00a0\u00bb column_padding_position=\u00a0\u00bball\u00a0\u00bb column_element_direction_desktop=\u00a0\u00bbdefault\u00a0\u00bb column_element_spacing=\u00a0\u00bbdefault\u00a0\u00bb desktop_text_alignment=\u00a0\u00bbdefault\u00a0\u00bb tablet_text_alignment=\u00a0\u00bbdefault\u00a0\u00bb phone_text_alignment=\u00a0\u00bbdefault\u00a0\u00bb background_color_opacity=\u00a0\u00bb1&Prime; background_hover_color_opacity=\u00a0\u00bb1&Prime; column_backdrop_filter=\u00a0\u00bbnone\u00a0\u00bb column_shadow=\u00a0\u00bbnone\u00a0\u00bb column_border_radius=\u00a0\u00bbnone\u00a0\u00bb column_link_target=\u00a0\u00bb_self\u00a0\u00bb overflow=\u00a0\u00bbvisible\u00a0\u00bb gradient_direction=\u00a0\u00bbleft_to_right\u00a0\u00bb overlay_strength=\u00a0\u00bb0.3&Prime; width=\u00a0\u00bb1\/1&Prime; tablet_width_inherit=\u00a0\u00bbdefault\u00a0\u00bb animation_type=\u00a0\u00bbdefault\u00a0\u00bb bg_image_animation=\u00a0\u00bbnone\u00a0\u00bb border_type=\u00a0\u00bbsimple\u00a0\u00bb column_border_width=\u00a0\u00bbnone\u00a0\u00bb column_border_style=\u00a0\u00bbsolid\u00a0\u00bb offset=\u00a0\u00bbvc_hidden-lg vc_hidden-md\u00a0\u00bb][divider line_type=\u00a0\u00bbNo Line\u00a0\u00bb custom_height=\u00a0\u00bb20&Prime;][\/vc_column_inner][\/vc_row_inner][\/vc_column][vc_column column_padding=\u00a0\u00bbno-extra-padding\u00a0\u00bb column_padding_tablet=\u00a0\u00bbinherit\u00a0\u00bb column_padding_phone=\u00a0\u00bbinherit\u00a0\u00bb column_padding_position=\u00a0\u00bball\u00a0\u00bb column_element_direction_desktop=\u00a0\u00bbdefault\u00a0\u00bb column_element_spacing=\u00a0\u00bbdefault\u00a0\u00bb desktop_text_alignment=\u00a0\u00bbdefault\u00a0\u00bb tablet_text_alignment=\u00a0\u00bbdefault\u00a0\u00bb phone_text_alignment=\u00a0\u00bbdefault\u00a0\u00bb background_color_opacity=\u00a0\u00bb1&Prime; background_hover_color_opacity=\u00a0\u00bb1&Prime; column_backdrop_filter=\u00a0\u00bbnone\u00a0\u00bb column_shadow=\u00a0\u00bbnone\u00a0\u00bb column_border_radius=\u00a0\u00bbnone\u00a0\u00bb column_link_target=\u00a0\u00bb_self\u00a0\u00bb column_position=\u00a0\u00bbdefault\u00a0\u00bb gradient_direction=\u00a0\u00bbleft_to_right\u00a0\u00bb overlay_strength=\u00a0\u00bb0.3&Prime; width=\u00a0\u00bb1\/3&Prime; tablet_width_inherit=\u00a0\u00bbdefault\u00a0\u00bb animation_type=\u00a0\u00bbdefault\u00a0\u00bb bg_image_animation=\u00a0\u00bbnone\u00a0\u00bb border_type=\u00a0\u00bbsimple\u00a0\u00bb column_border_width=\u00a0\u00bbnone\u00a0\u00bb column_border_style=\u00a0\u00bbsolid\u00a0\u00bb][\/vc_column][\/vc_row][vc_row type=\u00a0\u00bbfull_width_background\u00a0\u00bb full_screen_row_position=\u00a0\u00bbmiddle\u00a0\u00bb column_margin=\u00a0\u00bbdefault\u00a0\u00bb column_direction=\u00a0\u00bbdefault\u00a0\u00bb column_direction_tablet=\u00a0\u00bbdefault\u00a0\u00bb column_direction_phone=\u00a0\u00bbdefault\u00a0\u00bb scene_position=\u00a0\u00bbcenter\u00a0\u00bb text_color=\u00a0\u00bbdark\u00a0\u00bb text_align=\u00a0\u00bbleft\u00a0\u00bb row_border_radius=\u00a0\u00bbnone\u00a0\u00bb row_border_radius_applies=\u00a0\u00bbbg\u00a0\u00bb overflow=\u00a0\u00bbvisible\u00a0\u00bb overlay_strength=\u00a0\u00bb0.3&Prime; gradient_direction=\u00a0\u00bbleft_to_right\u00a0\u00bb shape_divider_position=\u00a0\u00bbbottom\u00a0\u00bb bg_image_animation=\u00a0\u00bbnone\u00a0\u00bb gradient_type=\u00a0\u00bbdefault\u00a0\u00bb shape_type=\u00a0\u00bb\u00a0\u00bb][vc_column column_padding=\u00a0\u00bbno-extra-padding\u00a0\u00bb column_padding_tablet=\u00a0\u00bbinherit\u00a0\u00bb column_padding_phone=\u00a0\u00bbinherit\u00a0\u00bb column_padding_position=\u00a0\u00bball\u00a0\u00bb column_element_direction_desktop=\u00a0\u00bbdefault\u00a0\u00bb column_element_spacing=\u00a0\u00bbdefault\u00a0\u00bb desktop_text_alignment=\u00a0\u00bbdefault\u00a0\u00bb tablet_text_alignment=\u00a0\u00bbdefault\u00a0\u00bb phone_text_alignment=\u00a0\u00bbdefault\u00a0\u00bb background_color_opacity=\u00a0\u00bb1&Prime; background_hover_color_opacity=\u00a0\u00bb1&Prime; column_backdrop_filter=\u00a0\u00bbnone\u00a0\u00bb column_shadow=\u00a0\u00bbnone\u00a0\u00bb column_border_radius=\u00a0\u00bbnone\u00a0\u00bb column_link_target=\u00a0\u00bb_self\u00a0\u00bb column_position=\u00a0\u00bbdefault\u00a0\u00bb gradient_direction=\u00a0\u00bbleft_to_right\u00a0\u00bb overlay_strength=\u00a0\u00bb0.3&Prime; width=\u00a0\u00bb1\/1&Prime; tablet_width_inherit=\u00a0\u00bbdefault\u00a0\u00bb animation_type=\u00a0\u00bbdefault\u00a0\u00bb bg_image_animation=\u00a0\u00bbnone\u00a0\u00bb border_type=\u00a0\u00bbsimple\u00a0\u00bb column_border_width=\u00a0\u00bbnone\u00a0\u00bb column_border_style=\u00a0\u00bbsolid\u00a0\u00bb]\n\n\n\t\t\t\t<div class=\"portfolio-wrap \">\n\n\t\t\t\t\t\n\t\t\t\t\t<span class=\"portfolio-loading  none\">   <\/span>\n\n\t\t\t\t\t\n\t\t\t\t\t<div class=\"row portfolio-items no-masonry  \" data-rcp=\"false\" data-masonry-type=\"default\" data-ps=\"7\" data-starting-filter=\"\" data-gutter=\"8px\" data-categories-to-show=\"home\" data-bypass-cropping=\"\" data-lightbox-only=\"0\" data-col-num=\"cols-2\">\n\t\t\t\t\t\t\n\t\t\t\t\t\t\n\t\t\t\t\t\t<div class=\"col span_6  element accueil projets-realises \"  data-project-cat=\"accueil projets-realises \" data-default-color=\"true\" data-title-color=\"\" data-subtitle-color=\"\">\n\n\t\t\t\t\t\t\t<div class=\"inner-wrap animated\" data-animation=\"none\">\n\n\t\t\t\t\t\t\t\t\n\t\t\t\t\t\t\t\t\t<div class=\"work-item style-2\" data-custom-content=\"off\">\n\n\t\t\t\t\t\t\t\t\t\t<img loading=\"lazy\" decoding=\"async\" class=\"size- skip-lazy\" src=\"https:\/\/harttig.ch\/wp-content\/uploads\/2024\/01\/harttig_as-4869-600x403.jpg\" alt=\"\" height=\"403\" width=\"600\" srcset=\"https:\/\/harttig.ch\/wp-content\/uploads\/2024\/01\/harttig_as-4869-900x604.jpg 900w, https:\/\/harttig.ch\/wp-content\/uploads\/2024\/01\/harttig_as-4869-600x403.jpg 600w, https:\/\/harttig.ch\/wp-content\/uploads\/2024\/01\/harttig_as-4869-400x269.jpg 400w\" sizes=\"auto, (min-width: 1000px) 50vw, (min-width: 690px) 50vw, 100vw\" \/>\n\t\t\t\t\t\t\t\t\t\t<div class=\"work-info-bg\"><\/div>\n\t\t\t\t\t\t\t\t\t\t<div class=\"work-info\">\n\n\t\t\t\t\t\t\t\t\t\t\t\n\n\t\t\t\t\t\t\t\t\t\t\t\t\n\t\t\t\t\t\t\t\t\t\t\t\t\t<a href=\"https:\/\/harttig.ch\/fr\/portfolio\/maison-dhabitation-classee-monument-historique-alpenstrasse-biel-bienne\/\"><span class=\"screen-reader-text\">Maison d&rsquo;habitation class\u00e9e monument historique, rue des Alpes, Biel\/Bienne<\/span><\/a>\n\n\t\t\t\t\t\t\t\t\t\t\t\t\n\n\t\t\t\t\t\t\t\t\t\t\t<div class=\"vert-center\">\n\t\t\t\t\t\t\t\t\t\t\t\t\t\t\t\t\t\t\t\t\t\t\t\t\t<h3>Maison d&rsquo;habitation class\u00e9e monument historique, rue des Alpes, Biel\/Bienne<\/h3>\n\t\t\t\t\t\t\t\t\t\t\t\t\t<p>Transformation et r\u00e9novation<\/p>\t\t\t\t\t\t\t\t\t\t\t<\/div><!--\/vert-center-->\n\n\t\t\t\t\t\t\t\t\t\t<\/div>\n\t\t\t\t\t\t\t\t\t<\/div><!--work-item-->\n\n\t\t\t\t\t\t\t\t\n\n\t\t\t\t\t\t\t<\/div><!--\/inner-wrap-->\n\t\t\t\t\t\t<\/div><!--\/col-->\n\n\t\t\t\t\t\n\t\t\t\t\t\t\n\t\t\t\t\t\t<div class=\"col span_6  element accueil projets-realises \"  data-project-cat=\"accueil projets-realises \" data-default-color=\"true\" data-title-color=\"\" data-subtitle-color=\"\">\n\n\t\t\t\t\t\t\t<div class=\"inner-wrap animated\" data-animation=\"none\">\n\n\t\t\t\t\t\t\t\t\n\t\t\t\t\t\t\t\t\t<div class=\"work-item style-2\" data-custom-content=\"off\">\n\n\t\t\t\t\t\t\t\t\t\t<img loading=\"lazy\" decoding=\"async\" class=\"size- skip-lazy\" src=\"https:\/\/harttig.ch\/wp-content\/uploads\/2025\/02\/Harttig-Architekten-GmbH_EFH_Stadtgraben-1-Nidau_G779707-600x403.jpg\" alt=\"\" height=\"403\" width=\"600\" srcset=\"https:\/\/harttig.ch\/wp-content\/uploads\/2025\/02\/Harttig-Architekten-GmbH_EFH_Stadtgraben-1-Nidau_G779707-900x604.jpg 900w, https:\/\/harttig.ch\/wp-content\/uploads\/2025\/02\/Harttig-Architekten-GmbH_EFH_Stadtgraben-1-Nidau_G779707-600x403.jpg 600w, https:\/\/harttig.ch\/wp-content\/uploads\/2025\/02\/Harttig-Architekten-GmbH_EFH_Stadtgraben-1-Nidau_G779707-400x269.jpg 400w\" sizes=\"auto, (min-width: 1000px) 50vw, (min-width: 690px) 50vw, 100vw\" \/>\n\t\t\t\t\t\t\t\t\t\t<div class=\"work-info-bg\"><\/div>\n\t\t\t\t\t\t\t\t\t\t<div class=\"work-info\">\n\n\t\t\t\t\t\t\t\t\t\t\t\n\n\t\t\t\t\t\t\t\t\t\t\t\t\n\t\t\t\t\t\t\t\t\t\t\t\t\t<a href=\"https:\/\/harttig.ch\/fr\/portfolio\/immeuble-dhabitation-stadtgraben-nidau\/\"><span class=\"screen-reader-text\">Maison d&rsquo;habitation, Stadtgraben, Nidau<\/span><\/a>\n\n\t\t\t\t\t\t\t\t\t\t\t\t\n\n\t\t\t\t\t\t\t\t\t\t\t<div class=\"vert-center\">\n\t\t\t\t\t\t\t\t\t\t\t\t\t\t\t\t\t\t\t\t\t\t\t\t\t<h3>Maison d&rsquo;habitation, Stadtgraben, Nidau<\/h3>\n\t\t\t\t\t\t\t\t\t\t\t\t\t<p>R\u00e9novation<\/p>\t\t\t\t\t\t\t\t\t\t\t<\/div><!--\/vert-center-->\n\n\t\t\t\t\t\t\t\t\t\t<\/div>\n\t\t\t\t\t\t\t\t\t<\/div><!--work-item-->\n\n\t\t\t\t\t\t\t\t\n\n\t\t\t\t\t\t\t<\/div><!--\/inner-wrap-->\n\t\t\t\t\t\t<\/div><!--\/col-->\n\n\t\t\t\t\t\n\t\t\t\t\t\t\n\t\t\t\t\t\t<div class=\"col span_6  element accueil projets-realises \"  data-project-cat=\"accueil projets-realises \" data-default-color=\"true\" data-title-color=\"\" data-subtitle-color=\"\">\n\n\t\t\t\t\t\t\t<div class=\"inner-wrap animated\" data-animation=\"none\">\n\n\t\t\t\t\t\t\t\t\n\t\t\t\t\t\t\t\t\t<div class=\"work-item style-2\" data-custom-content=\"off\">\n\n\t\t\t\t\t\t\t\t\t\t<img loading=\"lazy\" decoding=\"async\" class=\"size- skip-lazy\" src=\"https:\/\/harttig.ch\/wp-content\/uploads\/2025\/01\/redern-600x403.jpg\" alt=\"\" height=\"403\" width=\"600\" srcset=\"https:\/\/harttig.ch\/wp-content\/uploads\/2025\/01\/redern-900x604.jpg 900w, https:\/\/harttig.ch\/wp-content\/uploads\/2025\/01\/redern-600x403.jpg 600w, https:\/\/harttig.ch\/wp-content\/uploads\/2025\/01\/redern-400x269.jpg 400w\" sizes=\"auto, (min-width: 1000px) 50vw, (min-width: 690px) 50vw, 100vw\" \/>\n\t\t\t\t\t\t\t\t\t\t<div class=\"work-info-bg\"><\/div>\n\t\t\t\t\t\t\t\t\t\t<div class=\"work-info\">\n\n\t\t\t\t\t\t\t\t\t\t\t\n\n\t\t\t\t\t\t\t\t\t\t\t\t\n\t\t\t\t\t\t\t\t\t\t\t\t\t<a href=\"https:\/\/harttig.ch\/fr\/portfolio\/centre-pour-personnes-agees-redern-bienne\/\"><span class=\"screen-reader-text\">Etablissement m\u00e9dico-social Redern, Biel\/Bienne<\/span><\/a>\n\n\t\t\t\t\t\t\t\t\t\t\t\t\n\n\t\t\t\t\t\t\t\t\t\t\t<div class=\"vert-center\">\n\t\t\t\t\t\t\t\t\t\t\t\t\t\t\t\t\t\t\t\t\t\t\t\t\t<h3>Etablissement m\u00e9dico-social Redern, Biel\/Bienne<\/h3>\n\t\t\t\t\t\t\t\t\t\t\t\t\t<p>R\u00e9novation<\/p>\t\t\t\t\t\t\t\t\t\t\t<\/div><!--\/vert-center-->\n\n\t\t\t\t\t\t\t\t\t\t<\/div>\n\t\t\t\t\t\t\t\t\t<\/div><!--work-item-->\n\n\t\t\t\t\t\t\t\t\n\n\t\t\t\t\t\t\t<\/div><!--\/inner-wrap-->\n\t\t\t\t\t\t<\/div><!--\/col-->\n\n\t\t\t\t\t\n\t\t\t\t\t\t\n\t\t\t\t\t\t<div class=\"col span_6  element accueil projets-realises \"  data-project-cat=\"accueil projets-realises \" data-default-color=\"true\" data-title-color=\"\" data-subtitle-color=\"\">\n\n\t\t\t\t\t\t\t<div class=\"inner-wrap animated\" data-animation=\"none\">\n\n\t\t\t\t\t\t\t\t\n\t\t\t\t\t\t\t\t\t<div class=\"work-item style-2\" data-custom-content=\"off\">\n\n\t\t\t\t\t\t\t\t\t\t<img loading=\"lazy\" decoding=\"async\" class=\"size- skip-lazy\" src=\"https:\/\/harttig.ch\/wp-content\/uploads\/2019\/02\/0446--600x403.jpg\" alt=\"\" height=\"403\" width=\"600\" srcset=\"https:\/\/harttig.ch\/wp-content\/uploads\/2019\/02\/0446--900x604.jpg 900w, https:\/\/harttig.ch\/wp-content\/uploads\/2019\/02\/0446--600x403.jpg 600w, https:\/\/harttig.ch\/wp-content\/uploads\/2019\/02\/0446--400x269.jpg 400w\" sizes=\"auto, (min-width: 1000px) 50vw, (min-width: 690px) 50vw, 100vw\" \/>\n\t\t\t\t\t\t\t\t\t\t<div class=\"work-info-bg\"><\/div>\n\t\t\t\t\t\t\t\t\t\t<div class=\"work-info\">\n\n\t\t\t\t\t\t\t\t\t\t\t\n\n\t\t\t\t\t\t\t\t\t\t\t\t\n\t\t\t\t\t\t\t\t\t\t\t\t\t<a href=\"https:\/\/harttig.ch\/fr\/portfolio\/immeuble-dhabitation-hoeheweg-bienne\/\"><span class=\"screen-reader-text\">Immeuble d&rsquo;habitation Haute-Route, Bienne<\/span><\/a>\n\n\t\t\t\t\t\t\t\t\t\t\t\t\n\n\t\t\t\t\t\t\t\t\t\t\t<div class=\"vert-center\">\n\t\t\t\t\t\t\t\t\t\t\t\t\t\t\t\t\t\t\t\t\t\t\t\t\t<h3>Immeuble d&rsquo;habitation Haute-Route, Bienne<\/h3>\n\t\t\t\t\t\t\t\t\t\t\t\t\t<p>Nouvelle construction<\/p>\t\t\t\t\t\t\t\t\t\t\t<\/div><!--\/vert-center-->\n\n\t\t\t\t\t\t\t\t\t\t<\/div>\n\t\t\t\t\t\t\t\t\t<\/div><!--work-item-->\n\n\t\t\t\t\t\t\t\t\n\n\t\t\t\t\t\t\t<\/div><!--\/inner-wrap-->\n\t\t\t\t\t\t<\/div><!--\/col-->\n\n\t\t\t\t\t\n\t\t\t\t\t\t\n\t\t\t\t\t\t<div class=\"col span_6  element accueil projets-realises \"  data-project-cat=\"accueil projets-realises \" data-default-color=\"true\" data-title-color=\"\" data-subtitle-color=\"\">\n\n\t\t\t\t\t\t\t<div class=\"inner-wrap animated\" data-animation=\"none\">\n\n\t\t\t\t\t\t\t\t\n\t\t\t\t\t\t\t\t\t<div class=\"work-item style-2\" data-custom-content=\"off\">\n\n\t\t\t\t\t\t\t\t\t\t<img loading=\"lazy\" decoding=\"async\" class=\"size- skip-lazy\" src=\"https:\/\/harttig.ch\/wp-content\/uploads\/2024\/02\/Harttig_Architekten_BAKOM_Biel_1-600x403.jpg\" alt=\"\" height=\"403\" width=\"600\" srcset=\"https:\/\/harttig.ch\/wp-content\/uploads\/2024\/02\/Harttig_Architekten_BAKOM_Biel_1-900x604.jpg 900w, https:\/\/harttig.ch\/wp-content\/uploads\/2024\/02\/Harttig_Architekten_BAKOM_Biel_1-600x403.jpg 600w, https:\/\/harttig.ch\/wp-content\/uploads\/2024\/02\/Harttig_Architekten_BAKOM_Biel_1-400x269.jpg 400w\" sizes=\"auto, (min-width: 1000px) 50vw, (min-width: 690px) 50vw, 100vw\" \/>\n\t\t\t\t\t\t\t\t\t\t<div class=\"work-info-bg\"><\/div>\n\t\t\t\t\t\t\t\t\t\t<div class=\"work-info\">\n\n\t\t\t\t\t\t\t\t\t\t\t\n\n\t\t\t\t\t\t\t\t\t\t\t\t\n\t\t\t\t\t\t\t\t\t\t\t\t\t<a href=\"https:\/\/harttig.ch\/fr\/portfolio\/nouveaux-espaces-de-travail-ofcom-office-federal-de-la-communication-biel-bienne\/\"><span class=\"screen-reader-text\">Nouveaux espaces de travail OFCOM Office f\u00e9d\u00e9ral de la communication, Biel\/Bienne<\/span><\/a>\n\n\t\t\t\t\t\t\t\t\t\t\t\t\n\n\t\t\t\t\t\t\t\t\t\t\t<div class=\"vert-center\">\n\t\t\t\t\t\t\t\t\t\t\t\t\t\t\t\t\t\t\t\t\t\t\t\t\t<h3>Nouveaux espaces de travail OFCOM Office f\u00e9d\u00e9ral de la communication, Biel\/Bienne<\/h3>\n\t\t\t\t\t\t\t\t\t\t\t\t\t<p>Am\u00e9nagement int\u00e9rieur<\/p>\t\t\t\t\t\t\t\t\t\t\t<\/div><!--\/vert-center-->\n\n\t\t\t\t\t\t\t\t\t\t<\/div>\n\t\t\t\t\t\t\t\t\t<\/div><!--work-item-->\n\n\t\t\t\t\t\t\t\t\n\n\t\t\t\t\t\t\t<\/div><!--\/inner-wrap-->\n\t\t\t\t\t\t<\/div><!--\/col-->\n\n\t\t\t\t\t\n\t\t\t\t\t\t\n\t\t\t\t\t\t<div class=\"col span_6  element accueil etudes-concours \"  data-project-cat=\"accueil etudes-concours \" data-default-color=\"true\" data-title-color=\"\" data-subtitle-color=\"\">\n\n\t\t\t\t\t\t\t<div class=\"inner-wrap animated\" data-animation=\"none\">\n\n\t\t\t\t\t\t\t\t\n\t\t\t\t\t\t\t\t\t<div class=\"work-item style-2\" data-custom-content=\"off\">\n\n\t\t\t\t\t\t\t\t\t\t<img loading=\"lazy\" decoding=\"async\" class=\"size- skip-lazy\" src=\"https:\/\/harttig.ch\/wp-content\/uploads\/2023\/08\/Eingang_230315-600x403.jpg\" alt=\"\" height=\"403\" width=\"600\" srcset=\"https:\/\/harttig.ch\/wp-content\/uploads\/2023\/08\/Eingang_230315-900x604.jpg 900w, https:\/\/harttig.ch\/wp-content\/uploads\/2023\/08\/Eingang_230315-600x403.jpg 600w, https:\/\/harttig.ch\/wp-content\/uploads\/2023\/08\/Eingang_230315-400x269.jpg 400w\" sizes=\"auto, (min-width: 1000px) 50vw, (min-width: 690px) 50vw, 100vw\" \/>\n\t\t\t\t\t\t\t\t\t\t<div class=\"work-info-bg\"><\/div>\n\t\t\t\t\t\t\t\t\t\t<div class=\"work-info\">\n\n\t\t\t\t\t\t\t\t\t\t\t\n\n\t\t\t\t\t\t\t\t\t\t\t\t\n\t\t\t\t\t\t\t\t\t\t\t\t\t<a href=\"https:\/\/harttig.ch\/fr\/portfolio\/maison-intergenerationnelle-erlacherweg-27-biel-bienne\/\"><span class=\"screen-reader-text\">Maison interg\u00e9n\u00e9rationnelle chemin de Cerlier 27 Biel\/Bienne<\/span><\/a>\n\n\t\t\t\t\t\t\t\t\t\t\t\t\n\n\t\t\t\t\t\t\t\t\t\t\t<div class=\"vert-center\">\n\t\t\t\t\t\t\t\t\t\t\t\t\t\t\t\t\t\t\t\t\t\t\t\t\t<h3>Maison interg\u00e9n\u00e9rationnelle chemin de Cerlier 27 Biel\/Bienne<\/h3>\n\t\t\t\t\t\t\t\t\t\t\t\t\t<p>Concours de performance globale<\/p>\t\t\t\t\t\t\t\t\t\t\t<\/div><!--\/vert-center-->\n\n\t\t\t\t\t\t\t\t\t\t<\/div>\n\t\t\t\t\t\t\t\t\t<\/div><!--work-item-->\n\n\t\t\t\t\t\t\t\t\n\n\t\t\t\t\t\t\t<\/div><!--\/inner-wrap-->\n\t\t\t\t\t\t<\/div><!--\/col-->\n\n\t\t\t\t\t\n\t\t\t\t\t\t\n\t\t\t\t\t\t<div class=\"col span_6  element accueil etudes-concours \"  data-project-cat=\"accueil etudes-concours \" data-default-color=\"true\" data-title-color=\"\" data-subtitle-color=\"\">\n\n\t\t\t\t\t\t\t<div class=\"inner-wrap animated\" data-animation=\"none\">\n\n\t\t\t\t\t\t\t\t\n\t\t\t\t\t\t\t\t\t<div class=\"work-item style-2\" data-custom-content=\"off\">\n\n\t\t\t\t\t\t\t\t\t\t<img loading=\"lazy\" decoding=\"async\" class=\"size- skip-lazy\" src=\"https:\/\/harttig.ch\/wp-content\/uploads\/2021\/05\/03-1-600x403.jpg\" alt=\"\" height=\"403\" width=\"600\" srcset=\"https:\/\/harttig.ch\/wp-content\/uploads\/2021\/05\/03-1-900x604.jpg 900w, https:\/\/harttig.ch\/wp-content\/uploads\/2021\/05\/03-1-600x403.jpg 600w, https:\/\/harttig.ch\/wp-content\/uploads\/2021\/05\/03-1-400x269.jpg 400w\" sizes=\"auto, (min-width: 1000px) 50vw, (min-width: 690px) 50vw, 100vw\" \/>\n\t\t\t\t\t\t\t\t\t\t<div class=\"work-info-bg\"><\/div>\n\t\t\t\t\t\t\t\t\t\t<div class=\"work-info\">\n\n\t\t\t\t\t\t\t\t\t\t\t\n\n\t\t\t\t\t\t\t\t\t\t\t\t\n\t\t\t\t\t\t\t\t\t\t\t\t\t<a href=\"https:\/\/harttig.ch\/fr\/portfolio\/centre-de-vie-et-de-rencontre-grossfeld-kriens\/\"><span class=\"screen-reader-text\">Centre de vie et de rencontre Grossfeld, Kriens<\/span><\/a>\n\n\t\t\t\t\t\t\t\t\t\t\t\t\n\n\t\t\t\t\t\t\t\t\t\t\t<div class=\"vert-center\">\n\t\t\t\t\t\t\t\t\t\t\t\t\t\t\t\t\t\t\t\t\t\t\t\t\t<h3>Centre de vie et de rencontre Grossfeld, Kriens<\/h3>\n\t\t\t\t\t\t\t\t\t\t\t\t\t<p>Concours de projets<\/p>\t\t\t\t\t\t\t\t\t\t\t<\/div><!--\/vert-center-->\n\n\t\t\t\t\t\t\t\t\t\t<\/div>\n\t\t\t\t\t\t\t\t\t<\/div><!--work-item-->\n\n\t\t\t\t\t\t\t\t\n\n\t\t\t\t\t\t\t<\/div><!--\/inner-wrap-->\n\t\t\t\t\t\t<\/div><!--\/col-->\n\n\t\t\t\t\t\n\t\t\t\t\t\t\n\t\t\t\t\t\t<div class=\"col span_6  element accueil projets-realises \"  data-project-cat=\"accueil projets-realises \" data-default-color=\"true\" data-title-color=\"\" data-subtitle-color=\"\">\n\n\t\t\t\t\t\t\t<div class=\"inner-wrap animated\" data-animation=\"none\">\n\n\t\t\t\t\t\t\t\t\n\t\t\t\t\t\t\t\t\t<div class=\"work-item style-2\" data-custom-content=\"off\">\n\n\t\t\t\t\t\t\t\t\t\t<img loading=\"lazy\" decoding=\"async\" class=\"size- skip-lazy\" src=\"https:\/\/harttig.ch\/wp-content\/uploads\/2020\/11\/HEADER_2011-EichhoelzlicRemo-Zehnder_0001-600x403.jpg\" alt=\"Wohn\u00fcberbauung Im Eichh\u00f6lzli, Biel\" height=\"403\" width=\"600\" srcset=\"https:\/\/harttig.ch\/wp-content\/uploads\/2020\/11\/HEADER_2011-EichhoelzlicRemo-Zehnder_0001-900x604.jpg 900w, https:\/\/harttig.ch\/wp-content\/uploads\/2020\/11\/HEADER_2011-EichhoelzlicRemo-Zehnder_0001-600x403.jpg 600w, https:\/\/harttig.ch\/wp-content\/uploads\/2020\/11\/HEADER_2011-EichhoelzlicRemo-Zehnder_0001-400x269.jpg 400w\" sizes=\"auto, (min-width: 1000px) 50vw, (min-width: 690px) 50vw, 100vw\" \/>\n\t\t\t\t\t\t\t\t\t\t<div class=\"work-info-bg\"><\/div>\n\t\t\t\t\t\t\t\t\t\t<div class=\"work-info\">\n\n\t\t\t\t\t\t\t\t\t\t\t\n\n\t\t\t\t\t\t\t\t\t\t\t\t\n\t\t\t\t\t\t\t\t\t\t\t\t\t<a href=\"https:\/\/harttig.ch\/fr\/portfolio\/immeuble-dhabitation-im-eichhoelzli-bienne\/\"><span class=\"screen-reader-text\">Immeuble d&rsquo;habitation Au Petit-Ch\u00eane, Bienne<\/span><\/a>\n\n\t\t\t\t\t\t\t\t\t\t\t\t\n\n\t\t\t\t\t\t\t\t\t\t\t<div class=\"vert-center\">\n\t\t\t\t\t\t\t\t\t\t\t\t\t\t\t\t\t\t\t\t\t\t\t\t\t<h3>Immeuble d&rsquo;habitation Au Petit-Ch\u00eane, Bienne<\/h3>\n\t\t\t\t\t\t\t\t\t\t\t\t\t<p>Nouvelle construction<\/p>\t\t\t\t\t\t\t\t\t\t\t<\/div><!--\/vert-center-->\n\n\t\t\t\t\t\t\t\t\t\t<\/div>\n\t\t\t\t\t\t\t\t\t<\/div><!--work-item-->\n\n\t\t\t\t\t\t\t\t\n\n\t\t\t\t\t\t\t<\/div><!--\/inner-wrap-->\n\t\t\t\t\t\t<\/div><!--\/col-->\n\n\t\t\t\t\t\n\t\t\t\t\t\t\n\t\t\t\t\t\t<div class=\"col span_6  element accueil projets-realises \"  data-project-cat=\"accueil projets-realises \" data-default-color=\"true\" data-title-color=\"\" data-subtitle-color=\"\">\n\n\t\t\t\t\t\t\t<div class=\"inner-wrap animated\" data-animation=\"none\">\n\n\t\t\t\t\t\t\t\t\n\t\t\t\t\t\t\t\t\t<div class=\"work-item style-2\" data-custom-content=\"off\">\n\n\t\t\t\t\t\t\t\t\t\t<img loading=\"lazy\" decoding=\"async\" class=\"size- skip-lazy\" src=\"https:\/\/harttig.ch\/wp-content\/uploads\/2019\/12\/Orpund_6-600x403.jpg\" alt=\"\u00dcberbauung Dorfzentrum Orpund\" height=\"403\" width=\"600\" srcset=\"https:\/\/harttig.ch\/wp-content\/uploads\/2019\/12\/Orpund_6-900x604.jpg 900w, https:\/\/harttig.ch\/wp-content\/uploads\/2019\/12\/Orpund_6-600x403.jpg 600w, https:\/\/harttig.ch\/wp-content\/uploads\/2019\/12\/Orpund_6-400x269.jpg 400w\" sizes=\"auto, (min-width: 1000px) 50vw, (min-width: 690px) 50vw, 100vw\" \/>\n\t\t\t\t\t\t\t\t\t\t<div class=\"work-info-bg\"><\/div>\n\t\t\t\t\t\t\t\t\t\t<div class=\"work-info\">\n\n\t\t\t\t\t\t\t\t\t\t\t\n\n\t\t\t\t\t\t\t\t\t\t\t\t\n\t\t\t\t\t\t\t\t\t\t\t\t\t<a href=\"https:\/\/harttig.ch\/fr\/portfolio\/lotissement-au-centre-du-village-orpund\/\"><span class=\"screen-reader-text\">Lotissement au centre du village, Orpund<\/span><\/a>\n\n\t\t\t\t\t\t\t\t\t\t\t\t\n\n\t\t\t\t\t\t\t\t\t\t\t<div class=\"vert-center\">\n\t\t\t\t\t\t\t\t\t\t\t\t\t\t\t\t\t\t\t\t\t\t\t\t\t<h3>Lotissement au centre du village, Orpund<\/h3>\n\t\t\t\t\t\t\t\t\t\t\t\t\t<p>Nouvelle construction<\/p>\t\t\t\t\t\t\t\t\t\t\t<\/div><!--\/vert-center-->\n\n\t\t\t\t\t\t\t\t\t\t<\/div>\n\t\t\t\t\t\t\t\t\t<\/div><!--work-item-->\n\n\t\t\t\t\t\t\t\t\n\n\t\t\t\t\t\t\t<\/div><!--\/inner-wrap-->\n\t\t\t\t\t\t<\/div><!--\/col-->\n\n\t\t\t\t\t\n\t\t\t\t\t\t\n\t\t\t\t\t\t<div class=\"col span_6  element accueil projets-realises \"  data-project-cat=\"accueil projets-realises \" data-default-color=\"true\" data-title-color=\"\" data-subtitle-color=\"\">\n\n\t\t\t\t\t\t\t<div class=\"inner-wrap animated\" data-animation=\"none\">\n\n\t\t\t\t\t\t\t\t\n\t\t\t\t\t\t\t\t\t<div class=\"work-item style-2\" data-custom-content=\"off\">\n\n\t\t\t\t\t\t\t\t\t\t<img loading=\"lazy\" decoding=\"async\" class=\"size- skip-lazy\" src=\"https:\/\/harttig.ch\/wp-content\/uploads\/2019\/03\/Beluga_Projektteaser-600x403.jpg\" alt=\"Kino Foyer Theke Umbau Foyer Kino Beluga Neuengasse BielBienne\" height=\"403\" width=\"600\" srcset=\"https:\/\/harttig.ch\/wp-content\/uploads\/2019\/03\/Beluga_Projektteaser-600x403.jpg 600w, https:\/\/harttig.ch\/wp-content\/uploads\/2019\/03\/Beluga_Projektteaser-400x269.jpg 400w\" sizes=\"auto, (min-width: 1000px) 50vw, (min-width: 690px) 50vw, 100vw\" \/>\n\t\t\t\t\t\t\t\t\t\t<div class=\"work-info-bg\"><\/div>\n\t\t\t\t\t\t\t\t\t\t<div class=\"work-info\">\n\n\t\t\t\t\t\t\t\t\t\t\t\n\n\t\t\t\t\t\t\t\t\t\t\t\t\n\t\t\t\t\t\t\t\t\t\t\t\t\t<a href=\"https:\/\/harttig.ch\/fr\/portfolio\/foyer-du-cinema-beluga-bienne\/\"><span class=\"screen-reader-text\">Foyer du cin\u00e9ma Beluga, Bienne<\/span><\/a>\n\n\t\t\t\t\t\t\t\t\t\t\t\t\n\n\t\t\t\t\t\t\t\t\t\t\t<div class=\"vert-center\">\n\t\t\t\t\t\t\t\t\t\t\t\t\t\t\t\t\t\t\t\t\t\t\t\t\t<h3>Foyer du cin\u00e9ma Beluga, Bienne<\/h3>\n\t\t\t\t\t\t\t\t\t\t\t\t\t<p>Transformation et r\u00e9novation<\/p>\t\t\t\t\t\t\t\t\t\t\t<\/div><!--\/vert-center-->\n\n\t\t\t\t\t\t\t\t\t\t<\/div>\n\t\t\t\t\t\t\t\t\t<\/div><!--work-item-->\n\n\t\t\t\t\t\t\t\t\n\n\t\t\t\t\t\t\t<\/div><!--\/inner-wrap-->\n\t\t\t\t\t\t<\/div><!--\/col-->\n\n\t\t\t\t\t\n\t\t\t\t\t\t\n\t\t\t\t\t\t<div class=\"col span_6  element accueil projets-realises \"  data-project-cat=\"accueil projets-realises \" data-default-color=\"true\" data-title-color=\"\" data-subtitle-color=\"\">\n\n\t\t\t\t\t\t\t<div class=\"inner-wrap animated\" data-animation=\"none\">\n\n\t\t\t\t\t\t\t\t\n\t\t\t\t\t\t\t\t\t<div class=\"work-item style-2\" data-custom-content=\"off\">\n\n\t\t\t\t\t\t\t\t\t\t<img loading=\"lazy\" decoding=\"async\" class=\"size- skip-lazy\" src=\"https:\/\/harttig.ch\/wp-content\/uploads\/2023\/04\/Web_harttig-achitekten-umbau-unterer-quai-2746220-600x403.jpg\" alt=\"\" height=\"403\" width=\"600\" srcset=\"https:\/\/harttig.ch\/wp-content\/uploads\/2023\/04\/Web_harttig-achitekten-umbau-unterer-quai-2746220-900x604.jpg 900w, https:\/\/harttig.ch\/wp-content\/uploads\/2023\/04\/Web_harttig-achitekten-umbau-unterer-quai-2746220-600x403.jpg 600w, https:\/\/harttig.ch\/wp-content\/uploads\/2023\/04\/Web_harttig-achitekten-umbau-unterer-quai-2746220-400x269.jpg 400w\" sizes=\"auto, (min-width: 1000px) 50vw, (min-width: 690px) 50vw, 100vw\" \/>\n\t\t\t\t\t\t\t\t\t\t<div class=\"work-info-bg\"><\/div>\n\t\t\t\t\t\t\t\t\t\t<div class=\"work-info\">\n\n\t\t\t\t\t\t\t\t\t\t\t\n\n\t\t\t\t\t\t\t\t\t\t\t\t\n\t\t\t\t\t\t\t\t\t\t\t\t\t<a href=\"https:\/\/harttig.ch\/fr\/portfolio\/immeuble-classe-quai-du-bas-bienne\/\"><span class=\"screen-reader-text\">Immeuble class\u00e9 Quai du Bas, Bienne<\/span><\/a>\n\n\t\t\t\t\t\t\t\t\t\t\t\t\n\n\t\t\t\t\t\t\t\t\t\t\t<div class=\"vert-center\">\n\t\t\t\t\t\t\t\t\t\t\t\t\t\t\t\t\t\t\t\t\t\t\t\t\t<h3>Immeuble class\u00e9 Quai du Bas, Bienne<\/h3>\n\t\t\t\t\t\t\t\t\t\t\t\t\t<p>Transformation, r\u00e9novation, restauration<\/p>\t\t\t\t\t\t\t\t\t\t\t<\/div><!--\/vert-center-->\n\n\t\t\t\t\t\t\t\t\t\t<\/div>\n\t\t\t\t\t\t\t\t\t<\/div><!--work-item-->\n\n\t\t\t\t\t\t\t\t\n\n\t\t\t\t\t\t\t<\/div><!--\/inner-wrap-->\n\t\t\t\t\t\t<\/div><!--\/col-->\n\n\t\t\t\t\t\n\t\t\t\t\t\t\n\t\t\t\t\t\t<div class=\"col span_6  element accueil etudes-concours \"  data-project-cat=\"accueil etudes-concours \" data-default-color=\"true\" data-title-color=\"\" data-subtitle-color=\"\">\n\n\t\t\t\t\t\t\t<div class=\"inner-wrap animated\" data-animation=\"none\">\n\n\t\t\t\t\t\t\t\t\n\t\t\t\t\t\t\t\t\t<div class=\"work-item style-2\" data-custom-content=\"off\">\n\n\t\t\t\t\t\t\t\t\t\t<img loading=\"lazy\" decoding=\"async\" class=\"size- skip-lazy\" src=\"https:\/\/harttig.ch\/wp-content\/uploads\/2019\/08\/WW_neubr\u00fcckstr_br\u00fcgg_pro3-600x403.jpg\" alt=\"\" height=\"403\" width=\"600\" srcset=\"https:\/\/harttig.ch\/wp-content\/uploads\/2019\/08\/WW_neubr\u00fcckstr_br\u00fcgg_pro3-900x604.jpg 900w, https:\/\/harttig.ch\/wp-content\/uploads\/2019\/08\/WW_neubr\u00fcckstr_br\u00fcgg_pro3-600x403.jpg 600w, https:\/\/harttig.ch\/wp-content\/uploads\/2019\/08\/WW_neubr\u00fcckstr_br\u00fcgg_pro3-400x269.jpg 400w\" sizes=\"auto, (min-width: 1000px) 50vw, (min-width: 690px) 50vw, 100vw\" \/>\n\t\t\t\t\t\t\t\t\t\t<div class=\"work-info-bg\"><\/div>\n\t\t\t\t\t\t\t\t\t\t<div class=\"work-info\">\n\n\t\t\t\t\t\t\t\t\t\t\t\n\n\t\t\t\t\t\t\t\t\t\t\t\t\n\t\t\t\t\t\t\t\t\t\t\t\t\t<a href=\"https:\/\/harttig.ch\/fr\/portfolio\/immeuble-dhabitation-neubrueckstrasse-bruegg\/\"><span class=\"screen-reader-text\">Immeuble d&rsquo;habitation Neubr\u00fcckstrasse, Br\u00fcgg<\/span><\/a>\n\n\t\t\t\t\t\t\t\t\t\t\t\t\n\n\t\t\t\t\t\t\t\t\t\t\t<div class=\"vert-center\">\n\t\t\t\t\t\t\t\t\t\t\t\t\t\t\t\t\t\t\t\t\t\t\t\t\t<h3>Immeuble d&rsquo;habitation Neubr\u00fcckstrasse, Br\u00fcgg<\/h3>\n\t\t\t\t\t\t\t\t\t\t\t\t\t<p>Studienauftrag<\/p>\t\t\t\t\t\t\t\t\t\t\t<\/div><!--\/vert-center-->\n\n\t\t\t\t\t\t\t\t\t\t<\/div>\n\t\t\t\t\t\t\t\t\t<\/div><!--work-item-->\n\n\t\t\t\t\t\t\t\t\n\n\t\t\t\t\t\t\t<\/div><!--\/inner-wrap-->\n\t\t\t\t\t\t<\/div><!--\/col-->\n\n\t\t\t\t\t\n\t\t\t\t\t\t\n\t\t\t\t\t\t<div class=\"col span_6  element accueil projets-realises \"  data-project-cat=\"accueil projets-realises \" data-default-color=\"true\" data-title-color=\"\" data-subtitle-color=\"\">\n\n\t\t\t\t\t\t\t<div class=\"inner-wrap animated\" data-animation=\"none\">\n\n\t\t\t\t\t\t\t\t\n\t\t\t\t\t\t\t\t\t<div class=\"work-item style-2\" data-custom-content=\"off\">\n\n\t\t\t\t\t\t\t\t\t\t<img loading=\"lazy\" decoding=\"async\" class=\"size- skip-lazy\" src=\"https:\/\/harttig.ch\/wp-content\/uploads\/2019\/07\/projekt_WE_5392--600x403.jpg\" alt=\"Umbau und Sanierung Foyer Kino Camera Bern\" height=\"403\" width=\"600\" srcset=\"https:\/\/harttig.ch\/wp-content\/uploads\/2019\/07\/projekt_WE_5392--900x604.jpg 900w, https:\/\/harttig.ch\/wp-content\/uploads\/2019\/07\/projekt_WE_5392--600x403.jpg 600w, https:\/\/harttig.ch\/wp-content\/uploads\/2019\/07\/projekt_WE_5392--400x269.jpg 400w\" sizes=\"auto, (min-width: 1000px) 50vw, (min-width: 690px) 50vw, 100vw\" \/>\n\t\t\t\t\t\t\t\t\t\t<div class=\"work-info-bg\"><\/div>\n\t\t\t\t\t\t\t\t\t\t<div class=\"work-info\">\n\n\t\t\t\t\t\t\t\t\t\t\t\n\n\t\t\t\t\t\t\t\t\t\t\t\t\n\t\t\t\t\t\t\t\t\t\t\t\t\t<a href=\"https:\/\/harttig.ch\/fr\/portfolio\/foyer-du-cinema-camera-berne\/\"><span class=\"screen-reader-text\">Foyer du cin\u00e9ma Camera, Berne<\/span><\/a>\n\n\t\t\t\t\t\t\t\t\t\t\t\t\n\n\t\t\t\t\t\t\t\t\t\t\t<div class=\"vert-center\">\n\t\t\t\t\t\t\t\t\t\t\t\t\t\t\t\t\t\t\t\t\t\t\t\t\t<h3>Foyer du cin\u00e9ma Camera, Berne<\/h3>\n\t\t\t\t\t\t\t\t\t\t\t\t\t<p>Transformation et r\u00e9novation<\/p>\t\t\t\t\t\t\t\t\t\t\t<\/div><!--\/vert-center-->\n\n\t\t\t\t\t\t\t\t\t\t<\/div>\n\t\t\t\t\t\t\t\t\t<\/div><!--work-item-->\n\n\t\t\t\t\t\t\t\t\n\n\t\t\t\t\t\t\t<\/div><!--\/inner-wrap-->\n\t\t\t\t\t\t<\/div><!--\/col-->\n\n\t\t\t\t\t\n\t\t\t\t\t\t\n\t\t\t\t\t\t<div class=\"col span_6  element accueil projets-realises \"  data-project-cat=\"accueil projets-realises \" data-default-color=\"true\" data-title-color=\"\" data-subtitle-color=\"\">\n\n\t\t\t\t\t\t\t<div class=\"inner-wrap animated\" data-animation=\"none\">\n\n\t\t\t\t\t\t\t\t\n\t\t\t\t\t\t\t\t\t<div class=\"work-item style-2\" data-custom-content=\"off\">\n\n\t\t\t\t\t\t\t\t\t\t<img loading=\"lazy\" decoding=\"async\" class=\"size- skip-lazy\" src=\"https:\/\/harttig.ch\/wp-content\/uploads\/2019\/10\/Wohnhaus-Magglingen-4-600x403.jpg\" alt=\"Wohnhaus Magglingen\" height=\"403\" width=\"600\" srcset=\"https:\/\/harttig.ch\/wp-content\/uploads\/2019\/10\/Wohnhaus-Magglingen-4-900x604.jpg 900w, https:\/\/harttig.ch\/wp-content\/uploads\/2019\/10\/Wohnhaus-Magglingen-4-600x403.jpg 600w, https:\/\/harttig.ch\/wp-content\/uploads\/2019\/10\/Wohnhaus-Magglingen-4-400x269.jpg 400w\" sizes=\"auto, (min-width: 1000px) 50vw, (min-width: 690px) 50vw, 100vw\" \/>\n\t\t\t\t\t\t\t\t\t\t<div class=\"work-info-bg\"><\/div>\n\t\t\t\t\t\t\t\t\t\t<div class=\"work-info\">\n\n\t\t\t\t\t\t\t\t\t\t\t\n\n\t\t\t\t\t\t\t\t\t\t\t\t\n\t\t\t\t\t\t\t\t\t\t\t\t\t<a href=\"https:\/\/harttig.ch\/fr\/portfolio\/immeuble-dhabitation-hauptstrasse-macolin\/\"><span class=\"screen-reader-text\">Maison d&rsquo;habitation route Principale, Macolin<\/span><\/a>\n\n\t\t\t\t\t\t\t\t\t\t\t\t\n\n\t\t\t\t\t\t\t\t\t\t\t<div class=\"vert-center\">\n\t\t\t\t\t\t\t\t\t\t\t\t\t\t\t\t\t\t\t\t\t\t\t\t\t<h3>Maison d&rsquo;habitation route Principale, Macolin<\/h3>\n\t\t\t\t\t\t\t\t\t\t\t\t\t<p>Reconstruction<\/p>\t\t\t\t\t\t\t\t\t\t\t<\/div><!--\/vert-center-->\n\n\t\t\t\t\t\t\t\t\t\t<\/div>\n\t\t\t\t\t\t\t\t\t<\/div><!--work-item-->\n\n\t\t\t\t\t\t\t\t\n\n\t\t\t\t\t\t\t<\/div><!--\/inner-wrap-->\n\t\t\t\t\t\t<\/div><!--\/col-->\n\n\t\t\t\t\t\n\t\t\t\t\t\t\n\t\t\t\t\t\t<div class=\"col span_6  element accueil etudes-concours \"  data-project-cat=\"accueil etudes-concours \" data-default-color=\"true\" data-title-color=\"\" data-subtitle-color=\"\">\n\n\t\t\t\t\t\t\t<div class=\"inner-wrap animated\" data-animation=\"none\">\n\n\t\t\t\t\t\t\t\t\n\t\t\t\t\t\t\t\t\t<div class=\"work-item style-2\" data-custom-content=\"off\">\n\n\t\t\t\t\t\t\t\t\t\t<img loading=\"lazy\" decoding=\"async\" class=\"size- skip-lazy\" src=\"https:\/\/harttig.ch\/wp-content\/uploads\/2022\/08\/Ecke_220228-600x403.jpg\" alt=\"\" height=\"403\" width=\"600\" srcset=\"https:\/\/harttig.ch\/wp-content\/uploads\/2022\/08\/Ecke_220228-900x604.jpg 900w, https:\/\/harttig.ch\/wp-content\/uploads\/2022\/08\/Ecke_220228-600x403.jpg 600w, https:\/\/harttig.ch\/wp-content\/uploads\/2022\/08\/Ecke_220228-400x269.jpg 400w\" sizes=\"auto, (min-width: 1000px) 50vw, (min-width: 690px) 50vw, 100vw\" \/>\n\t\t\t\t\t\t\t\t\t\t<div class=\"work-info-bg\"><\/div>\n\t\t\t\t\t\t\t\t\t\t<div class=\"work-info\">\n\n\t\t\t\t\t\t\t\t\t\t\t\n\n\t\t\t\t\t\t\t\t\t\t\t\t\n\t\t\t\t\t\t\t\t\t\t\t\t\t<a href=\"https:\/\/harttig.ch\/fr\/portfolio\/immeuble-dhabitation-et-de-services-lyss\/\"><span class=\"screen-reader-text\">Immeuble d&rsquo;habitation et de services, Lyss<\/span><\/a>\n\n\t\t\t\t\t\t\t\t\t\t\t\t\n\n\t\t\t\t\t\t\t\t\t\t\t<div class=\"vert-center\">\n\t\t\t\t\t\t\t\t\t\t\t\t\t\t\t\t\t\t\t\t\t\t\t\t\t<h3>Immeuble d&rsquo;habitation et de services, Lyss<\/h3>\n\t\t\t\t\t\t\t\t\t\t\t\t\t<p>Concours de projets<\/p>\t\t\t\t\t\t\t\t\t\t\t<\/div><!--\/vert-center-->\n\n\t\t\t\t\t\t\t\t\t\t<\/div>\n\t\t\t\t\t\t\t\t\t<\/div><!--work-item-->\n\n\t\t\t\t\t\t\t\t\n\n\t\t\t\t\t\t\t<\/div><!--\/inner-wrap-->\n\t\t\t\t\t\t<\/div><!--\/col-->\n\n\t\t\t\t\t\n\t\t\t\t\t\t\n\t\t\t\t\t\t<div class=\"col span_6  element accueil projets-realises \"  data-project-cat=\"accueil projets-realises \" data-default-color=\"true\" data-title-color=\"\" data-subtitle-color=\"\">\n\n\t\t\t\t\t\t\t<div class=\"inner-wrap animated\" data-animation=\"none\">\n\n\t\t\t\t\t\t\t\t\n\t\t\t\t\t\t\t\t\t<div class=\"work-item style-2\" data-custom-content=\"off\">\n\n\t\t\t\t\t\t\t\t\t\t<img loading=\"lazy\" decoding=\"async\" class=\"size- skip-lazy\" src=\"https:\/\/harttig.ch\/wp-content\/uploads\/2019\/02\/Alpenstrasse_Projektteaser-600x403.jpg\" alt=\"\" height=\"403\" width=\"600\" srcset=\"https:\/\/harttig.ch\/wp-content\/uploads\/2019\/02\/Alpenstrasse_Projektteaser-600x403.jpg 600w, https:\/\/harttig.ch\/wp-content\/uploads\/2019\/02\/Alpenstrasse_Projektteaser-400x269.jpg 400w\" sizes=\"auto, (min-width: 1000px) 50vw, (min-width: 690px) 50vw, 100vw\" \/>\n\t\t\t\t\t\t\t\t\t\t<div class=\"work-info-bg\"><\/div>\n\t\t\t\t\t\t\t\t\t\t<div class=\"work-info\">\n\n\t\t\t\t\t\t\t\t\t\t\t\n\n\t\t\t\t\t\t\t\t\t\t\t\t\n\t\t\t\t\t\t\t\t\t\t\t\t\t<a href=\"https:\/\/harttig.ch\/fr\/portfolio\/immeuble-dhabitation-alpenstrasse-bienne\/\"><span class=\"screen-reader-text\">Immeuble d&rsquo;habitation rue des Alpes, Bienne<\/span><\/a>\n\n\t\t\t\t\t\t\t\t\t\t\t\t\n\n\t\t\t\t\t\t\t\t\t\t\t<div class=\"vert-center\">\n\t\t\t\t\t\t\t\t\t\t\t\t\t\t\t\t\t\t\t\t\t\t\t\t\t<h3>Immeuble d&rsquo;habitation rue des Alpes, Bienne<\/h3>\n\t\t\t\t\t\t\t\t\t\t\t\t\t<p>R\u00e9novation<\/p>\t\t\t\t\t\t\t\t\t\t\t<\/div><!--\/vert-center-->\n\n\t\t\t\t\t\t\t\t\t\t<\/div>\n\t\t\t\t\t\t\t\t\t<\/div><!--work-item-->\n\n\t\t\t\t\t\t\t\t\n\n\t\t\t\t\t\t\t<\/div><!--\/inner-wrap-->\n\t\t\t\t\t\t<\/div><!--\/col-->\n\n\t\t\t\t\t\n\t\t\t\t\t\t\n\t\t\t\t\t\t<div class=\"col span_6  element accueil projets-realises \"  data-project-cat=\"accueil projets-realises \" data-default-color=\"true\" data-title-color=\"\" data-subtitle-color=\"\">\n\n\t\t\t\t\t\t\t<div class=\"inner-wrap animated\" data-animation=\"none\">\n\n\t\t\t\t\t\t\t\t\n\t\t\t\t\t\t\t\t\t<div class=\"work-item style-2\" data-custom-content=\"off\">\n\n\t\t\t\t\t\t\t\t\t\t<img loading=\"lazy\" decoding=\"async\" class=\"size- skip-lazy\" src=\"https:\/\/harttig.ch\/wp-content\/uploads\/2019\/02\/Nordfassaden_Projektteaser-600x403.jpg\" alt=\"\" height=\"403\" width=\"600\" srcset=\"https:\/\/harttig.ch\/wp-content\/uploads\/2019\/02\/Nordfassaden_Projektteaser-600x403.jpg 600w, https:\/\/harttig.ch\/wp-content\/uploads\/2019\/02\/Nordfassaden_Projektteaser-400x269.jpg 400w\" sizes=\"auto, (min-width: 1000px) 50vw, (min-width: 690px) 50vw, 100vw\" \/>\n\t\t\t\t\t\t\t\t\t\t<div class=\"work-info-bg\"><\/div>\n\t\t\t\t\t\t\t\t\t\t<div class=\"work-info\">\n\n\t\t\t\t\t\t\t\t\t\t\t\n\n\t\t\t\t\t\t\t\t\t\t\t\t\n\t\t\t\t\t\t\t\t\t\t\t\t\t<a href=\"https:\/\/harttig.ch\/fr\/portfolio\/immeuble-dhabitation-unterer-quai-bienne\/\"><span class=\"screen-reader-text\">Immeuble d&rsquo;habitation quai du Bas, Bienne<\/span><\/a>\n\n\t\t\t\t\t\t\t\t\t\t\t\t\n\n\t\t\t\t\t\t\t\t\t\t\t<div class=\"vert-center\">\n\t\t\t\t\t\t\t\t\t\t\t\t\t\t\t\t\t\t\t\t\t\t\t\t\t<h3>Immeuble d&rsquo;habitation quai du Bas, Bienne<\/h3>\n\t\t\t\t\t\t\t\t\t\t\t\t\t<p>R\u00e9novation<\/p>\t\t\t\t\t\t\t\t\t\t\t<\/div><!--\/vert-center-->\n\n\t\t\t\t\t\t\t\t\t\t<\/div>\n\t\t\t\t\t\t\t\t\t<\/div><!--work-item-->\n\n\t\t\t\t\t\t\t\t\n\n\t\t\t\t\t\t\t<\/div><!--\/inner-wrap-->\n\t\t\t\t\t\t<\/div><!--\/col-->\n\n\t\t\t\t\t\n\t\t\t\t\t\t\n\t\t\t\t\t\t<div class=\"col span_6  element accueil etudes-concours \"  data-project-cat=\"accueil etudes-concours \" data-default-color=\"true\" data-title-color=\"\" data-subtitle-color=\"\">\n\n\t\t\t\t\t\t\t<div class=\"inner-wrap animated\" data-animation=\"none\">\n\n\t\t\t\t\t\t\t\t\n\t\t\t\t\t\t\t\t\t<div class=\"work-item style-2\" data-custom-content=\"off\">\n\n\t\t\t\t\t\t\t\t\t\t<img loading=\"lazy\" decoding=\"async\" class=\"size- skip-lazy\" src=\"https:\/\/harttig.ch\/wp-content\/uploads\/2019\/12\/Wettbewerb_obergoms_blog-600x403.jpg\" alt=\"Wettbewerb Obergoms\" height=\"403\" width=\"600\" srcset=\"https:\/\/harttig.ch\/wp-content\/uploads\/2019\/12\/Wettbewerb_obergoms_blog-900x599.jpg 900w, https:\/\/harttig.ch\/wp-content\/uploads\/2019\/12\/Wettbewerb_obergoms_blog-600x403.jpg 600w, https:\/\/harttig.ch\/wp-content\/uploads\/2019\/12\/Wettbewerb_obergoms_blog-400x269.jpg 400w\" sizes=\"auto, (min-width: 1000px) 50vw, (min-width: 690px) 50vw, 100vw\" \/>\n\t\t\t\t\t\t\t\t\t\t<div class=\"work-info-bg\"><\/div>\n\t\t\t\t\t\t\t\t\t\t<div class=\"work-info\">\n\n\t\t\t\t\t\t\t\t\t\t\t\n\n\t\t\t\t\t\t\t\t\t\t\t\t\n\t\t\t\t\t\t\t\t\t\t\t\t\t<a href=\"https:\/\/harttig.ch\/fr\/portfolio\/centre-de-sante-ober-goms\/\"><span class=\"screen-reader-text\">Centre de sant\u00e9 Ober\/Goms<\/span><\/a>\n\n\t\t\t\t\t\t\t\t\t\t\t\t\n\n\t\t\t\t\t\t\t\t\t\t\t<div class=\"vert-center\">\n\t\t\t\t\t\t\t\t\t\t\t\t\t\t\t\t\t\t\t\t\t\t\t\t\t<h3>Centre de sant\u00e9 Ober\/Goms<\/h3>\n\t\t\t\t\t\t\t\t\t\t\t\t\t<p>Concours de projets<\/p>\t\t\t\t\t\t\t\t\t\t\t<\/div><!--\/vert-center-->\n\n\t\t\t\t\t\t\t\t\t\t<\/div>\n\t\t\t\t\t\t\t\t\t<\/div><!--work-item-->\n\n\t\t\t\t\t\t\t\t\n\n\t\t\t\t\t\t\t<\/div><!--\/inner-wrap-->\n\t\t\t\t\t\t<\/div><!--\/col-->\n\n\t\t\t\t\t\n\t\t\t\t<\/div><!--\/portfolio-->\n\t\t\t<\/div><!--\/portfolio wrap-->\n\n\t\t\t[vc_row_inner column_margin=\u00a0\u00bbdefault\u00a0\u00bb column_direction=\u00a0\u00bbdefault\u00a0\u00bb column_direction_tablet=\u00a0\u00bbdefault\u00a0\u00bb column_direction_phone=\u00a0\u00bbdefault\u00a0\u00bb top_padding=\u00a0\u00bb2%\u00a0\u00bb text_align=\u00a0\u00bbleft\u00a0\u00bb row_position=\u00a0\u00bbdefault\u00a0\u00bb row_position_tablet=\u00a0\u00bbinherit\u00a0\u00bb row_position_phone=\u00a0\u00bbinherit\u00a0\u00bb overflow=\u00a0\u00bbvisible\u00a0\u00bb pointer_events=\u00a0\u00bball\u00a0\u00bb][vc_column_inner column_padding=\u00a0\u00bbno-extra-padding\u00a0\u00bb column_padding_tablet=\u00a0\u00bbinherit\u00a0\u00bb column_padding_phone=\u00a0\u00bbinherit\u00a0\u00bb column_padding_position=\u00a0\u00bball\u00a0\u00bb column_element_direction_desktop=\u00a0\u00bbdefault\u00a0\u00bb column_element_spacing=\u00a0\u00bbdefault\u00a0\u00bb centered_text=\u00a0\u00bbtrue\u00a0\u00bb desktop_text_alignment=\u00a0\u00bbdefault\u00a0\u00bb tablet_text_alignment=\u00a0\u00bbdefault\u00a0\u00bb phone_text_alignment=\u00a0\u00bbdefault\u00a0\u00bb background_color_opacity=\u00a0\u00bb1&Prime; background_hover_color_opacity=\u00a0\u00bb1&Prime; column_backdrop_filter=\u00a0\u00bbnone\u00a0\u00bb column_shadow=\u00a0\u00bbnone\u00a0\u00bb column_border_radius=\u00a0\u00bbnone\u00a0\u00bb column_link_target=\u00a0\u00bb_self\u00a0\u00bb overflow=\u00a0\u00bbvisible\u00a0\u00bb gradient_direction=\u00a0\u00bbleft_to_right\u00a0\u00bb overlay_strength=\u00a0\u00bb0.3&Prime; width=\u00a0\u00bb1\/1&Prime; tablet_width_inherit=\u00a0\u00bbdefault\u00a0\u00bb animation_type=\u00a0\u00bbdefault\u00a0\u00bb enable_animation=\u00a0\u00bbtrue\u00a0\u00bb animation=\u00a0\u00bbfade-in-from-bottom\u00a0\u00bb animation_easing=\u00a0\u00bbdefault\u00a0\u00bb bg_image_animation=\u00a0\u00bbnone\u00a0\u00bb border_type=\u00a0\u00bbsimple\u00a0\u00bb column_border_width=\u00a0\u00bbnone\u00a0\u00bb column_border_style=\u00a0\u00bbsolid\u00a0\u00bb][nectar_btn size=\u00a0\u00bblarge\u00a0\u00bb button_style=\u00a0\u00bbsee-through\u00a0\u00bb button_color_2=\u00a0\u00bbExtra-Color-3&Prime; icon_family=\u00a0\u00bbnone\u00a0\u00bb url=\u00a0\u00bb\/projekte\/\u00a0\u00bb text=\u00a0\u00bbAfficher tous les projets\u00a0\u00bb margin_top=\u00a0\u00bb5&Prime;][\/vc_column_inner][\/vc_row_inner][\/vc_column][\/vc_row][vc_row type=\u00a0\u00bbfull_width_background\u00a0\u00bb full_screen_row_position=\u00a0\u00bbmiddle\u00a0\u00bb column_margin=\u00a0\u00bbdefault\u00a0\u00bb column_direction=\u00a0\u00bbdefault\u00a0\u00bb column_direction_tablet=\u00a0\u00bbdefault\u00a0\u00bb column_direction_phone=\u00a0\u00bbdefault\u00a0\u00bb scene_position=\u00a0\u00bbcenter\u00a0\u00bb bottom_padding=\u00a0\u00bb5%\u00a0\u00bb text_color=\u00a0\u00bbdark\u00a0\u00bb text_align=\u00a0\u00bbleft\u00a0\u00bb row_border_radius=\u00a0\u00bbnone\u00a0\u00bb row_border_radius_applies=\u00a0\u00bbbg\u00a0\u00bb overflow=\u00a0\u00bbvisible\u00a0\u00bb disable_element=\u00a0\u00bbyes\u00a0\u00bb overlay_strength=\u00a0\u00bb0.3&Prime; gradient_direction=\u00a0\u00bbleft_to_right\u00a0\u00bb shape_divider_position=\u00a0\u00bbbottom\u00a0\u00bb bg_image_animation=\u00a0\u00bbnone\u00a0\u00bb shape_type=\u00a0\u00bb\u00a0\u00bb gradient_type=\u00a0\u00bbdefault\u00a0\u00bb][vc_column column_padding=\u00a0\u00bbno-extra-padding\u00a0\u00bb column_padding_tablet=\u00a0\u00bbinherit\u00a0\u00bb column_padding_phone=\u00a0\u00bbinherit\u00a0\u00bb column_padding_position=\u00a0\u00bball\u00a0\u00bb column_element_direction_desktop=\u00a0\u00bbdefault\u00a0\u00bb column_element_spacing=\u00a0\u00bbdefault\u00a0\u00bb desktop_text_alignment=\u00a0\u00bbdefault\u00a0\u00bb tablet_text_alignment=\u00a0\u00bbdefault\u00a0\u00bb phone_text_alignment=\u00a0\u00bbdefault\u00a0\u00bb background_color_opacity=\u00a0\u00bb1&Prime; background_hover_color_opacity=\u00a0\u00bb1&Prime; column_backdrop_filter=\u00a0\u00bbnone\u00a0\u00bb column_shadow=\u00a0\u00bbnone\u00a0\u00bb column_border_radius=\u00a0\u00bbnone\u00a0\u00bb column_link_target=\u00a0\u00bb_self\u00a0\u00bb column_position=\u00a0\u00bbdefault\u00a0\u00bb gradient_direction=\u00a0\u00bbleft_to_right\u00a0\u00bb overlay_strength=\u00a0\u00bb0.3&Prime; width=\u00a0\u00bb1\/1&Prime; tablet_width_inherit=\u00a0\u00bbdefault\u00a0\u00bb animation_type=\u00a0\u00bbdefault\u00a0\u00bb bg_image_animation=\u00a0\u00bbnone\u00a0\u00bb border_type=\u00a0\u00bbsimple\u00a0\u00bb column_border_width=\u00a0\u00bbnone\u00a0\u00bb column_border_style=\u00a0\u00bbsolid\u00a0\u00bb offset=\u00a0\u00bbvc_hidden-md vc_hidden-sm vc_hidden-xs\u00a0\u00bb]\n\n\n\t\t\t\t<div class=\"portfolio-wrap \">\n\n\t\t\t\t\t\n\t\t\t\t\t<span class=\"portfolio-loading  none\">   <\/span>\n\n\t\t\t\t\t\n\t\t\t\t\t<div class=\"row portfolio-items masonry-items  \" data-rcp=\"false\" data-masonry-type=\"default\" data-ps=\"7\" data-starting-filter=\"\" data-gutter=\"8px\" data-categories-to-show=\"realisierte-projekte\" data-bypass-cropping=\"\" data-lightbox-only=\"0\" data-col-num=\"cols-2\">\n\t\t\t\t\t\t\n\t\t\t\t\t\t\n\t\t\t\t\t\t<div class=\"col span_6 regular element projets-realises \"  data-project-cat=\"projets-realises \" data-default-color=\"true\" data-title-color=\"\" data-subtitle-color=\"\">\n\n\t\t\t\t\t\t\t<div class=\"inner-wrap animated\" data-animation=\"fade_in_from_bottom\">\n\n\t\t\t\t\t\t\t\t\n\t\t\t\t\t\t\t\t\t<div class=\"work-item style-2\" data-custom-content=\"\">\n\n\t\t\t\t\t\t\t\t\t\t<img loading=\"lazy\" decoding=\"async\" class=\"size-regular skip-lazy\" src=\"https:\/\/harttig.ch\/wp-content\/uploads\/2026\/01\/harttig-b-2145-500x500.jpg\" alt=\"\" height=\"500\" width=\"500\" srcset=\"https:\/\/harttig.ch\/wp-content\/uploads\/2026\/01\/harttig-b-2145-900x604.jpg 900w, https:\/\/harttig.ch\/wp-content\/uploads\/2026\/01\/harttig-b-2145-600x403.jpg 600w, https:\/\/harttig.ch\/wp-content\/uploads\/2026\/01\/harttig-b-2145-400x269.jpg 400w\" sizes=\"auto, (min-width: 1000px) 50vw, (min-width: 690px) 50vw, 100vw\" \/>\n\t\t\t\t\t\t\t\t\t\t<div class=\"work-info-bg\"><\/div>\n\t\t\t\t\t\t\t\t\t\t<div class=\"work-info\">\n\n\t\t\t\t\t\t\t\t\t\t\t\n\n\t\t\t\t\t\t\t\t\t\t\t\t\n\t\t\t\t\t\t\t\t\t\t\t\t\t<a href=\"https:\/\/harttig.ch\/fr\/portfolio\/transformation-de-lappartement-burgurderweg-biel-bienne\/\"><span class=\"screen-reader-text\">Transformation de l&rsquo;appartement Burgurderweg, Biel\/Bienne<\/span><\/a>\n\n\t\t\t\t\t\t\t\t\t\t\t\t\n\n\t\t\t\t\t\t\t\t\t\t\t<div class=\"vert-center\">\n\t\t\t\t\t\t\t\t\t\t\t\t\t\t\t\t\t\t\t\t\t\t\t\t\t<h3>Transformation de l&rsquo;appartement Burgurderweg, Biel\/Bienne<\/h3>\n\t\t\t\t\t\t\t\t\t\t\t\t\t<p>R\u00e9novation<\/p>\t\t\t\t\t\t\t\t\t\t\t<\/div><!--\/vert-center-->\n\n\t\t\t\t\t\t\t\t\t\t<\/div>\n\t\t\t\t\t\t\t\t\t<\/div><!--work-item-->\n\n\t\t\t\t\t\t\t\t\n\n\t\t\t\t\t\t\t<\/div><!--\/inner-wrap-->\n\t\t\t\t\t\t<\/div><!--\/col-->\n\n\t\t\t\t\t\n\t\t\t\t\t\t\n\t\t\t\t\t\t<div class=\"col span_6 regular element projets-realises \"  data-project-cat=\"projets-realises \" data-default-color=\"true\" data-title-color=\"\" data-subtitle-color=\"\">\n\n\t\t\t\t\t\t\t<div class=\"inner-wrap animated\" data-animation=\"fade_in_from_bottom\">\n\n\t\t\t\t\t\t\t\t\n\t\t\t\t\t\t\t\t\t<div class=\"work-item style-2\" data-custom-content=\"off\">\n\n\t\t\t\t\t\t\t\t\t\t<img loading=\"lazy\" decoding=\"async\" class=\"size-regular skip-lazy\" src=\"https:\/\/harttig.ch\/wp-content\/uploads\/2025\/03\/harttig-s-6405-500x500.jpg\" alt=\"\" height=\"500\" width=\"500\" srcset=\"https:\/\/harttig.ch\/wp-content\/uploads\/2025\/03\/harttig-s-6405-900x604.jpg 900w, https:\/\/harttig.ch\/wp-content\/uploads\/2025\/03\/harttig-s-6405-600x403.jpg 600w, https:\/\/harttig.ch\/wp-content\/uploads\/2025\/03\/harttig-s-6405-400x269.jpg 400w\" sizes=\"auto, (min-width: 1000px) 50vw, (min-width: 690px) 50vw, 100vw\" \/>\n\t\t\t\t\t\t\t\t\t\t<div class=\"work-info-bg\"><\/div>\n\t\t\t\t\t\t\t\t\t\t<div class=\"work-info\">\n\n\t\t\t\t\t\t\t\t\t\t\t\n\n\t\t\t\t\t\t\t\t\t\t\t\t\n\t\t\t\t\t\t\t\t\t\t\t\t\t<a href=\"https:\/\/harttig.ch\/fr\/portfolio\/immeuble-collectif-de-1912-classe-monument-historique\/\"><span class=\"screen-reader-text\">R\u00e9novation d&rsquo;un immeuble d&rsquo;habitation class\u00e9 monument historique \u00e0 la Sch\u00f6neggstrasse \u00e0 Biel\/Bienne<\/span><\/a>\n\n\t\t\t\t\t\t\t\t\t\t\t\t\n\n\t\t\t\t\t\t\t\t\t\t\t<div class=\"vert-center\">\n\t\t\t\t\t\t\t\t\t\t\t\t\t\t\t\t\t\t\t\t\t\t\t\t\t<h3>R\u00e9novation d&rsquo;un immeuble d&rsquo;habitation class\u00e9 monument historique \u00e0 la Sch\u00f6neggstrasse \u00e0 Biel\/Bienne<\/h3>\n\t\t\t\t\t\t\t\t\t\t\t\t\t<p>R\u00e9novation<\/p>\t\t\t\t\t\t\t\t\t\t\t<\/div><!--\/vert-center-->\n\n\t\t\t\t\t\t\t\t\t\t<\/div>\n\t\t\t\t\t\t\t\t\t<\/div><!--work-item-->\n\n\t\t\t\t\t\t\t\t\n\n\t\t\t\t\t\t\t<\/div><!--\/inner-wrap-->\n\t\t\t\t\t\t<\/div><!--\/col-->\n\n\t\t\t\t\t\n\t\t\t\t\t\t\n\t\t\t\t\t\t<div class=\"col span_6 regular element projets-realises \"  data-project-cat=\"projets-realises \" data-default-color=\"true\" data-title-color=\"\" data-subtitle-color=\"\">\n\n\t\t\t\t\t\t\t<div class=\"inner-wrap animated\" data-animation=\"fade_in_from_bottom\">\n\n\t\t\t\t\t\t\t\t\n\t\t\t\t\t\t\t\t\t<div class=\"work-item style-2\" data-custom-content=\"off\">\n\n\t\t\t\t\t\t\t\t\t\t<img loading=\"lazy\" decoding=\"async\" class=\"size-regular skip-lazy\" src=\"https:\/\/harttig.ch\/wp-content\/uploads\/2025\/04\/harttig_strandweg3-500x500.jpg\" alt=\"\" height=\"500\" width=\"500\" srcset=\"https:\/\/harttig.ch\/wp-content\/uploads\/2025\/04\/harttig_strandweg3-900x604.jpg 900w, https:\/\/harttig.ch\/wp-content\/uploads\/2025\/04\/harttig_strandweg3-600x403.jpg 600w, https:\/\/harttig.ch\/wp-content\/uploads\/2025\/04\/harttig_strandweg3-400x269.jpg 400w\" sizes=\"auto, (min-width: 1000px) 50vw, (min-width: 690px) 50vw, 100vw\" \/>\n\t\t\t\t\t\t\t\t\t\t<div class=\"work-info-bg\"><\/div>\n\t\t\t\t\t\t\t\t\t\t<div class=\"work-info\">\n\n\t\t\t\t\t\t\t\t\t\t\t\n\n\t\t\t\t\t\t\t\t\t\t\t\t\n\t\t\t\t\t\t\t\t\t\t\t\t\t<a href=\"https:\/\/harttig.ch\/fr\/portfolio\/immeuble-dhabitation-strandweg-nidau\/\"><span class=\"screen-reader-text\">Immeuble d&rsquo;habitation Strandweg, Nidau<\/span><\/a>\n\n\t\t\t\t\t\t\t\t\t\t\t\t\n\n\t\t\t\t\t\t\t\t\t\t\t<div class=\"vert-center\">\n\t\t\t\t\t\t\t\t\t\t\t\t\t\t\t\t\t\t\t\t\t\t\t\t\t<h3>Immeuble d&rsquo;habitation Strandweg, Nidau<\/h3>\n\t\t\t\t\t\t\t\t\t\t\t\t\t<p>Transformation, r\u00e9novation<\/p>\t\t\t\t\t\t\t\t\t\t\t<\/div><!--\/vert-center-->\n\n\t\t\t\t\t\t\t\t\t\t<\/div>\n\t\t\t\t\t\t\t\t\t<\/div><!--work-item-->\n\n\t\t\t\t\t\t\t\t\n\n\t\t\t\t\t\t\t<\/div><!--\/inner-wrap-->\n\t\t\t\t\t\t<\/div><!--\/col-->\n\n\t\t\t\t\t\n\t\t\t\t\t\t\n\t\t\t\t\t\t<div class=\"col span_6 regular element accueil projets-realises \"  data-project-cat=\"accueil projets-realises \" data-default-color=\"true\" data-title-color=\"\" data-subtitle-color=\"\">\n\n\t\t\t\t\t\t\t<div class=\"inner-wrap animated\" data-animation=\"fade_in_from_bottom\">\n\n\t\t\t\t\t\t\t\t\n\t\t\t\t\t\t\t\t\t<div class=\"work-item style-2\" data-custom-content=\"off\">\n\n\t\t\t\t\t\t\t\t\t\t<img loading=\"lazy\" decoding=\"async\" class=\"size-regular skip-lazy\" src=\"https:\/\/harttig.ch\/wp-content\/uploads\/2024\/01\/harttig_as-4869-500x500.jpg\" alt=\"\" height=\"500\" width=\"500\" srcset=\"https:\/\/harttig.ch\/wp-content\/uploads\/2024\/01\/harttig_as-4869-900x604.jpg 900w, https:\/\/harttig.ch\/wp-content\/uploads\/2024\/01\/harttig_as-4869-600x403.jpg 600w, https:\/\/harttig.ch\/wp-content\/uploads\/2024\/01\/harttig_as-4869-400x269.jpg 400w\" sizes=\"auto, (min-width: 1000px) 50vw, (min-width: 690px) 50vw, 100vw\" \/>\n\t\t\t\t\t\t\t\t\t\t<div class=\"work-info-bg\"><\/div>\n\t\t\t\t\t\t\t\t\t\t<div class=\"work-info\">\n\n\t\t\t\t\t\t\t\t\t\t\t\n\n\t\t\t\t\t\t\t\t\t\t\t\t\n\t\t\t\t\t\t\t\t\t\t\t\t\t<a href=\"https:\/\/harttig.ch\/fr\/portfolio\/maison-dhabitation-classee-monument-historique-alpenstrasse-biel-bienne\/\"><span class=\"screen-reader-text\">Maison d&rsquo;habitation class\u00e9e monument historique, rue des Alpes, Biel\/Bienne<\/span><\/a>\n\n\t\t\t\t\t\t\t\t\t\t\t\t\n\n\t\t\t\t\t\t\t\t\t\t\t<div class=\"vert-center\">\n\t\t\t\t\t\t\t\t\t\t\t\t\t\t\t\t\t\t\t\t\t\t\t\t\t<h3>Maison d&rsquo;habitation class\u00e9e monument historique, rue des Alpes, Biel\/Bienne<\/h3>\n\t\t\t\t\t\t\t\t\t\t\t\t\t<p>Transformation et r\u00e9novation<\/p>\t\t\t\t\t\t\t\t\t\t\t<\/div><!--\/vert-center-->\n\n\t\t\t\t\t\t\t\t\t\t<\/div>\n\t\t\t\t\t\t\t\t\t<\/div><!--work-item-->\n\n\t\t\t\t\t\t\t\t\n\n\t\t\t\t\t\t\t<\/div><!--\/inner-wrap-->\n\t\t\t\t\t\t<\/div><!--\/col-->\n\n\t\t\t\t\t\n\t\t\t\t\t\t\n\t\t\t\t\t\t<div class=\"col span_6 regular element accueil projets-realises \"  data-project-cat=\"accueil projets-realises \" data-default-color=\"true\" data-title-color=\"\" data-subtitle-color=\"\">\n\n\t\t\t\t\t\t\t<div class=\"inner-wrap animated\" data-animation=\"fade_in_from_bottom\">\n\n\t\t\t\t\t\t\t\t\n\t\t\t\t\t\t\t\t\t<div class=\"work-item style-2\" data-custom-content=\"off\">\n\n\t\t\t\t\t\t\t\t\t\t<img loading=\"lazy\" decoding=\"async\" class=\"size-regular skip-lazy\" src=\"https:\/\/harttig.ch\/wp-content\/uploads\/2025\/02\/Harttig-Architekten-GmbH_EFH_Stadtgraben-1-Nidau_G779707-500x500.jpg\" alt=\"\" height=\"500\" width=\"500\" srcset=\"https:\/\/harttig.ch\/wp-content\/uploads\/2025\/02\/Harttig-Architekten-GmbH_EFH_Stadtgraben-1-Nidau_G779707-900x604.jpg 900w, https:\/\/harttig.ch\/wp-content\/uploads\/2025\/02\/Harttig-Architekten-GmbH_EFH_Stadtgraben-1-Nidau_G779707-600x403.jpg 600w, https:\/\/harttig.ch\/wp-content\/uploads\/2025\/02\/Harttig-Architekten-GmbH_EFH_Stadtgraben-1-Nidau_G779707-400x269.jpg 400w\" sizes=\"auto, (min-width: 1000px) 50vw, (min-width: 690px) 50vw, 100vw\" \/>\n\t\t\t\t\t\t\t\t\t\t<div class=\"work-info-bg\"><\/div>\n\t\t\t\t\t\t\t\t\t\t<div class=\"work-info\">\n\n\t\t\t\t\t\t\t\t\t\t\t\n\n\t\t\t\t\t\t\t\t\t\t\t\t\n\t\t\t\t\t\t\t\t\t\t\t\t\t<a href=\"https:\/\/harttig.ch\/fr\/portfolio\/immeuble-dhabitation-stadtgraben-nidau\/\"><span class=\"screen-reader-text\">Maison d&rsquo;habitation, Stadtgraben, Nidau<\/span><\/a>\n\n\t\t\t\t\t\t\t\t\t\t\t\t\n\n\t\t\t\t\t\t\t\t\t\t\t<div class=\"vert-center\">\n\t\t\t\t\t\t\t\t\t\t\t\t\t\t\t\t\t\t\t\t\t\t\t\t\t<h3>Maison d&rsquo;habitation, Stadtgraben, Nidau<\/h3>\n\t\t\t\t\t\t\t\t\t\t\t\t\t<p>R\u00e9novation<\/p>\t\t\t\t\t\t\t\t\t\t\t<\/div><!--\/vert-center-->\n\n\t\t\t\t\t\t\t\t\t\t<\/div>\n\t\t\t\t\t\t\t\t\t<\/div><!--work-item-->\n\n\t\t\t\t\t\t\t\t\n\n\t\t\t\t\t\t\t<\/div><!--\/inner-wrap-->\n\t\t\t\t\t\t<\/div><!--\/col-->\n\n\t\t\t\t\t\n\t\t\t\t\t\t\n\t\t\t\t\t\t<div class=\"col span_6 regular element accueil projets-realises \"  data-project-cat=\"accueil projets-realises \" data-default-color=\"true\" data-title-color=\"\" data-subtitle-color=\"\">\n\n\t\t\t\t\t\t\t<div class=\"inner-wrap animated\" data-animation=\"fade_in_from_bottom\">\n\n\t\t\t\t\t\t\t\t\n\t\t\t\t\t\t\t\t\t<div class=\"work-item style-2\" data-custom-content=\"off\">\n\n\t\t\t\t\t\t\t\t\t\t<img loading=\"lazy\" decoding=\"async\" class=\"size-regular skip-lazy\" src=\"https:\/\/harttig.ch\/wp-content\/uploads\/2025\/01\/redern-500x500.jpg\" alt=\"\" height=\"500\" width=\"500\" srcset=\"https:\/\/harttig.ch\/wp-content\/uploads\/2025\/01\/redern-900x604.jpg 900w, https:\/\/harttig.ch\/wp-content\/uploads\/2025\/01\/redern-600x403.jpg 600w, https:\/\/harttig.ch\/wp-content\/uploads\/2025\/01\/redern-400x269.jpg 400w\" sizes=\"auto, (min-width: 1000px) 50vw, (min-width: 690px) 50vw, 100vw\" \/>\n\t\t\t\t\t\t\t\t\t\t<div class=\"work-info-bg\"><\/div>\n\t\t\t\t\t\t\t\t\t\t<div class=\"work-info\">\n\n\t\t\t\t\t\t\t\t\t\t\t\n\n\t\t\t\t\t\t\t\t\t\t\t\t\n\t\t\t\t\t\t\t\t\t\t\t\t\t<a href=\"https:\/\/harttig.ch\/fr\/portfolio\/centre-pour-personnes-agees-redern-bienne\/\"><span class=\"screen-reader-text\">Etablissement m\u00e9dico-social Redern, Biel\/Bienne<\/span><\/a>\n\n\t\t\t\t\t\t\t\t\t\t\t\t\n\n\t\t\t\t\t\t\t\t\t\t\t<div class=\"vert-center\">\n\t\t\t\t\t\t\t\t\t\t\t\t\t\t\t\t\t\t\t\t\t\t\t\t\t<h3>Etablissement m\u00e9dico-social Redern, Biel\/Bienne<\/h3>\n\t\t\t\t\t\t\t\t\t\t\t\t\t<p>R\u00e9novation<\/p>\t\t\t\t\t\t\t\t\t\t\t<\/div><!--\/vert-center-->\n\n\t\t\t\t\t\t\t\t\t\t<\/div>\n\t\t\t\t\t\t\t\t\t<\/div><!--work-item-->\n\n\t\t\t\t\t\t\t\t\n\n\t\t\t\t\t\t\t<\/div><!--\/inner-wrap-->\n\t\t\t\t\t\t<\/div><!--\/col-->\n\n\t\t\t\t\t\n\t\t\t\t\t\t\n\t\t\t\t\t\t<div class=\"col span_6 regular element accueil projets-realises \"  data-project-cat=\"accueil projets-realises \" data-default-color=\"true\" data-title-color=\"\" data-subtitle-color=\"\">\n\n\t\t\t\t\t\t\t<div class=\"inner-wrap animated\" data-animation=\"fade_in_from_bottom\">\n\n\t\t\t\t\t\t\t\t\n\t\t\t\t\t\t\t\t\t<div class=\"work-item style-2\" data-custom-content=\"off\">\n\n\t\t\t\t\t\t\t\t\t\t<img loading=\"lazy\" decoding=\"async\" class=\"size-regular skip-lazy\" src=\"https:\/\/harttig.ch\/wp-content\/uploads\/2019\/02\/0446--500x500.jpg\" alt=\"\" height=\"500\" width=\"500\" srcset=\"https:\/\/harttig.ch\/wp-content\/uploads\/2019\/02\/0446--900x604.jpg 900w, https:\/\/harttig.ch\/wp-content\/uploads\/2019\/02\/0446--600x403.jpg 600w, https:\/\/harttig.ch\/wp-content\/uploads\/2019\/02\/0446--400x269.jpg 400w\" sizes=\"auto, (min-width: 1000px) 50vw, (min-width: 690px) 50vw, 100vw\" \/>\n\t\t\t\t\t\t\t\t\t\t<div class=\"work-info-bg\"><\/div>\n\t\t\t\t\t\t\t\t\t\t<div class=\"work-info\">\n\n\t\t\t\t\t\t\t\t\t\t\t\n\n\t\t\t\t\t\t\t\t\t\t\t\t\n\t\t\t\t\t\t\t\t\t\t\t\t\t<a href=\"https:\/\/harttig.ch\/fr\/portfolio\/immeuble-dhabitation-hoeheweg-bienne\/\"><span class=\"screen-reader-text\">Immeuble d&rsquo;habitation Haute-Route, Bienne<\/span><\/a>\n\n\t\t\t\t\t\t\t\t\t\t\t\t\n\n\t\t\t\t\t\t\t\t\t\t\t<div class=\"vert-center\">\n\t\t\t\t\t\t\t\t\t\t\t\t\t\t\t\t\t\t\t\t\t\t\t\t\t<h3>Immeuble d&rsquo;habitation Haute-Route, Bienne<\/h3>\n\t\t\t\t\t\t\t\t\t\t\t\t\t<p>Nouvelle construction<\/p>\t\t\t\t\t\t\t\t\t\t\t<\/div><!--\/vert-center-->\n\n\t\t\t\t\t\t\t\t\t\t<\/div>\n\t\t\t\t\t\t\t\t\t<\/div><!--work-item-->\n\n\t\t\t\t\t\t\t\t\n\n\t\t\t\t\t\t\t<\/div><!--\/inner-wrap-->\n\t\t\t\t\t\t<\/div><!--\/col-->\n\n\t\t\t\t\t\n\t\t\t\t\t\t\n\t\t\t\t\t\t<div class=\"col span_6 regular element accueil projets-realises \"  data-project-cat=\"accueil projets-realises \" data-default-color=\"true\" data-title-color=\"\" data-subtitle-color=\"\">\n\n\t\t\t\t\t\t\t<div class=\"inner-wrap animated\" data-animation=\"fade_in_from_bottom\">\n\n\t\t\t\t\t\t\t\t\n\t\t\t\t\t\t\t\t\t<div class=\"work-item style-2\" data-custom-content=\"off\">\n\n\t\t\t\t\t\t\t\t\t\t<img loading=\"lazy\" decoding=\"async\" class=\"size-regular skip-lazy\" src=\"https:\/\/harttig.ch\/wp-content\/uploads\/2024\/02\/Harttig_Architekten_BAKOM_Biel_1-500x500.jpg\" alt=\"\" height=\"500\" width=\"500\" srcset=\"https:\/\/harttig.ch\/wp-content\/uploads\/2024\/02\/Harttig_Architekten_BAKOM_Biel_1-900x604.jpg 900w, https:\/\/harttig.ch\/wp-content\/uploads\/2024\/02\/Harttig_Architekten_BAKOM_Biel_1-600x403.jpg 600w, https:\/\/harttig.ch\/wp-content\/uploads\/2024\/02\/Harttig_Architekten_BAKOM_Biel_1-400x269.jpg 400w\" sizes=\"auto, (min-width: 1000px) 50vw, (min-width: 690px) 50vw, 100vw\" \/>\n\t\t\t\t\t\t\t\t\t\t<div class=\"work-info-bg\"><\/div>\n\t\t\t\t\t\t\t\t\t\t<div class=\"work-info\">\n\n\t\t\t\t\t\t\t\t\t\t\t\n\n\t\t\t\t\t\t\t\t\t\t\t\t\n\t\t\t\t\t\t\t\t\t\t\t\t\t<a href=\"https:\/\/harttig.ch\/fr\/portfolio\/nouveaux-espaces-de-travail-ofcom-office-federal-de-la-communication-biel-bienne\/\"><span class=\"screen-reader-text\">Nouveaux espaces de travail OFCOM Office f\u00e9d\u00e9ral de la communication, Biel\/Bienne<\/span><\/a>\n\n\t\t\t\t\t\t\t\t\t\t\t\t\n\n\t\t\t\t\t\t\t\t\t\t\t<div class=\"vert-center\">\n\t\t\t\t\t\t\t\t\t\t\t\t\t\t\t\t\t\t\t\t\t\t\t\t\t<h3>Nouveaux espaces de travail OFCOM Office f\u00e9d\u00e9ral de la communication, Biel\/Bienne<\/h3>\n\t\t\t\t\t\t\t\t\t\t\t\t\t<p>Am\u00e9nagement int\u00e9rieur<\/p>\t\t\t\t\t\t\t\t\t\t\t<\/div><!--\/vert-center-->\n\n\t\t\t\t\t\t\t\t\t\t<\/div>\n\t\t\t\t\t\t\t\t\t<\/div><!--work-item-->\n\n\t\t\t\t\t\t\t\t\n\n\t\t\t\t\t\t\t<\/div><!--\/inner-wrap-->\n\t\t\t\t\t\t<\/div><!--\/col-->\n\n\t\t\t\t\t\n\t\t\t\t\t\t\n\t\t\t\t\t\t<div class=\"col span_6 wide_tall element projets-realises \"  data-project-cat=\"projets-realises \" data-default-color=\"true\" data-title-color=\"\" data-subtitle-color=\"\">\n\n\t\t\t\t\t\t\t<div class=\"inner-wrap animated\" data-animation=\"fade_in_from_bottom\">\n\n\t\t\t\t\t\t\t\t\n\t\t\t\t\t\t\t\t\t<div class=\"work-item style-2\" data-custom-content=\"off\">\n\n\t\t\t\t\t\t\t\t\t\t<img loading=\"lazy\" decoding=\"async\" class=\"size-wide_tall skip-lazy\" src=\"https:\/\/harttig.ch\/wp-content\/uploads\/2025\/06\/harttig_kueche2-1000x1000.jpg\" alt=\"\" height=\"1000\" width=\"1000\" srcset=\"https:\/\/harttig.ch\/wp-content\/uploads\/2025\/06\/harttig_kueche2-900x604.jpg 900w, https:\/\/harttig.ch\/wp-content\/uploads\/2025\/06\/harttig_kueche2-600x403.jpg 600w, https:\/\/harttig.ch\/wp-content\/uploads\/2025\/06\/harttig_kueche2-400x269.jpg 400w\" sizes=\"auto, (min-width: 1000px) 50vw, (min-width: 690px) 50vw, 100vw\" \/>\n\t\t\t\t\t\t\t\t\t\t<div class=\"work-info-bg\"><\/div>\n\t\t\t\t\t\t\t\t\t\t<div class=\"work-info\">\n\n\t\t\t\t\t\t\t\t\t\t\t\n\n\t\t\t\t\t\t\t\t\t\t\t\t\n\t\t\t\t\t\t\t\t\t\t\t\t\t<a href=\"https:\/\/harttig.ch\/fr\/portfolio\/linoleum-cuisine-schuetzenmattweg-nidau\/\"><span class=\"screen-reader-text\">Cuisine en Linol\u00e9um, Sch\u00fctzenmattweg, Nidau<\/span><\/a>\n\n\t\t\t\t\t\t\t\t\t\t\t\t\n\n\t\t\t\t\t\t\t\t\t\t\t<div class=\"vert-center\">\n\t\t\t\t\t\t\t\t\t\t\t\t\t\t\t\t\t\t\t\t\t\t\t\t\t<h3>Cuisine en Linol\u00e9um, Sch\u00fctzenmattweg, Nidau<\/h3>\n\t\t\t\t\t\t\t\t\t\t\t\t\t<p>Transformation<\/p>\t\t\t\t\t\t\t\t\t\t\t<\/div><!--\/vert-center-->\n\n\t\t\t\t\t\t\t\t\t\t<\/div>\n\t\t\t\t\t\t\t\t\t<\/div><!--work-item-->\n\n\t\t\t\t\t\t\t\t\n\n\t\t\t\t\t\t\t<\/div><!--\/inner-wrap-->\n\t\t\t\t\t\t<\/div><!--\/col-->\n\n\t\t\t\t\t\n\t\t\t\t\t\t\n\t\t\t\t\t\t<div class=\"col span_6 regular element accueil projets-realises \"  data-project-cat=\"accueil projets-realises \" data-default-color=\"true\" data-title-color=\"\" data-subtitle-color=\"\">\n\n\t\t\t\t\t\t\t<div class=\"inner-wrap animated\" data-animation=\"fade_in_from_bottom\">\n\n\t\t\t\t\t\t\t\t\n\t\t\t\t\t\t\t\t\t<div class=\"work-item style-2\" data-custom-content=\"off\">\n\n\t\t\t\t\t\t\t\t\t\t<img loading=\"lazy\" decoding=\"async\" class=\"size-regular skip-lazy\" src=\"https:\/\/harttig.ch\/wp-content\/uploads\/2020\/11\/HEADER_2011-EichhoelzlicRemo-Zehnder_0001-500x500.jpg\" alt=\"Wohn\u00fcberbauung Im Eichh\u00f6lzli, Biel\" height=\"500\" width=\"500\" srcset=\"https:\/\/harttig.ch\/wp-content\/uploads\/2020\/11\/HEADER_2011-EichhoelzlicRemo-Zehnder_0001-900x604.jpg 900w, https:\/\/harttig.ch\/wp-content\/uploads\/2020\/11\/HEADER_2011-EichhoelzlicRemo-Zehnder_0001-600x403.jpg 600w, https:\/\/harttig.ch\/wp-content\/uploads\/2020\/11\/HEADER_2011-EichhoelzlicRemo-Zehnder_0001-400x269.jpg 400w\" sizes=\"auto, (min-width: 1000px) 50vw, (min-width: 690px) 50vw, 100vw\" \/>\n\t\t\t\t\t\t\t\t\t\t<div class=\"work-info-bg\"><\/div>\n\t\t\t\t\t\t\t\t\t\t<div class=\"work-info\">\n\n\t\t\t\t\t\t\t\t\t\t\t\n\n\t\t\t\t\t\t\t\t\t\t\t\t\n\t\t\t\t\t\t\t\t\t\t\t\t\t<a href=\"https:\/\/harttig.ch\/fr\/portfolio\/immeuble-dhabitation-im-eichhoelzli-bienne\/\"><span class=\"screen-reader-text\">Immeuble d&rsquo;habitation Au Petit-Ch\u00eane, Bienne<\/span><\/a>\n\n\t\t\t\t\t\t\t\t\t\t\t\t\n\n\t\t\t\t\t\t\t\t\t\t\t<div class=\"vert-center\">\n\t\t\t\t\t\t\t\t\t\t\t\t\t\t\t\t\t\t\t\t\t\t\t\t\t<h3>Immeuble d&rsquo;habitation Au Petit-Ch\u00eane, Bienne<\/h3>\n\t\t\t\t\t\t\t\t\t\t\t\t\t<p>Nouvelle construction<\/p>\t\t\t\t\t\t\t\t\t\t\t<\/div><!--\/vert-center-->\n\n\t\t\t\t\t\t\t\t\t\t<\/div>\n\t\t\t\t\t\t\t\t\t<\/div><!--work-item-->\n\n\t\t\t\t\t\t\t\t\n\n\t\t\t\t\t\t\t<\/div><!--\/inner-wrap-->\n\t\t\t\t\t\t<\/div><!--\/col-->\n\n\t\t\t\t\t\n\t\t\t\t\t\t\n\t\t\t\t\t\t<div class=\"col span_6 regular element accueil projets-realises \"  data-project-cat=\"accueil projets-realises \" data-default-color=\"true\" data-title-color=\"\" data-subtitle-color=\"\">\n\n\t\t\t\t\t\t\t<div class=\"inner-wrap animated\" data-animation=\"fade_in_from_bottom\">\n\n\t\t\t\t\t\t\t\t\n\t\t\t\t\t\t\t\t\t<div class=\"work-item style-2\" data-custom-content=\"off\">\n\n\t\t\t\t\t\t\t\t\t\t<img loading=\"lazy\" decoding=\"async\" class=\"size-regular skip-lazy\" src=\"https:\/\/harttig.ch\/wp-content\/uploads\/2019\/12\/Orpund_6-500x500.jpg\" alt=\"\u00dcberbauung Dorfzentrum Orpund\" height=\"500\" width=\"500\" srcset=\"https:\/\/harttig.ch\/wp-content\/uploads\/2019\/12\/Orpund_6-900x604.jpg 900w, https:\/\/harttig.ch\/wp-content\/uploads\/2019\/12\/Orpund_6-600x403.jpg 600w, https:\/\/harttig.ch\/wp-content\/uploads\/2019\/12\/Orpund_6-400x269.jpg 400w\" sizes=\"auto, (min-width: 1000px) 50vw, (min-width: 690px) 50vw, 100vw\" \/>\n\t\t\t\t\t\t\t\t\t\t<div class=\"work-info-bg\"><\/div>\n\t\t\t\t\t\t\t\t\t\t<div class=\"work-info\">\n\n\t\t\t\t\t\t\t\t\t\t\t\n\n\t\t\t\t\t\t\t\t\t\t\t\t\n\t\t\t\t\t\t\t\t\t\t\t\t\t<a href=\"https:\/\/harttig.ch\/fr\/portfolio\/lotissement-au-centre-du-village-orpund\/\"><span class=\"screen-reader-text\">Lotissement au centre du village, Orpund<\/span><\/a>\n\n\t\t\t\t\t\t\t\t\t\t\t\t\n\n\t\t\t\t\t\t\t\t\t\t\t<div class=\"vert-center\">\n\t\t\t\t\t\t\t\t\t\t\t\t\t\t\t\t\t\t\t\t\t\t\t\t\t<h3>Lotissement au centre du village, Orpund<\/h3>\n\t\t\t\t\t\t\t\t\t\t\t\t\t<p>Nouvelle construction<\/p>\t\t\t\t\t\t\t\t\t\t\t<\/div><!--\/vert-center-->\n\n\t\t\t\t\t\t\t\t\t\t<\/div>\n\t\t\t\t\t\t\t\t\t<\/div><!--work-item-->\n\n\t\t\t\t\t\t\t\t\n\n\t\t\t\t\t\t\t<\/div><!--\/inner-wrap-->\n\t\t\t\t\t\t<\/div><!--\/col-->\n\n\t\t\t\t\t\n\t\t\t\t\t\t\n\t\t\t\t\t\t<div class=\"col span_6 regular element accueil projets-realises \"  data-project-cat=\"accueil projets-realises \" data-default-color=\"true\" data-title-color=\"\" data-subtitle-color=\"\">\n\n\t\t\t\t\t\t\t<div class=\"inner-wrap animated\" data-animation=\"fade_in_from_bottom\">\n\n\t\t\t\t\t\t\t\t\n\t\t\t\t\t\t\t\t\t<div class=\"work-item style-2\" data-custom-content=\"off\">\n\n\t\t\t\t\t\t\t\t\t\t<img loading=\"lazy\" decoding=\"async\" class=\"size-regular skip-lazy\" src=\"https:\/\/harttig.ch\/wp-content\/uploads\/2019\/03\/Beluga_Projektteaser-500x500.jpg\" alt=\"Kino Foyer Theke Umbau Foyer Kino Beluga Neuengasse BielBienne\" height=\"500\" width=\"500\" srcset=\"https:\/\/harttig.ch\/wp-content\/uploads\/2019\/03\/Beluga_Projektteaser-600x403.jpg 600w, https:\/\/harttig.ch\/wp-content\/uploads\/2019\/03\/Beluga_Projektteaser-400x269.jpg 400w\" sizes=\"auto, (min-width: 1000px) 50vw, (min-width: 690px) 50vw, 100vw\" \/>\n\t\t\t\t\t\t\t\t\t\t<div class=\"work-info-bg\"><\/div>\n\t\t\t\t\t\t\t\t\t\t<div class=\"work-info\">\n\n\t\t\t\t\t\t\t\t\t\t\t\n\n\t\t\t\t\t\t\t\t\t\t\t\t\n\t\t\t\t\t\t\t\t\t\t\t\t\t<a href=\"https:\/\/harttig.ch\/fr\/portfolio\/foyer-du-cinema-beluga-bienne\/\"><span class=\"screen-reader-text\">Foyer du cin\u00e9ma Beluga, Bienne<\/span><\/a>\n\n\t\t\t\t\t\t\t\t\t\t\t\t\n\n\t\t\t\t\t\t\t\t\t\t\t<div class=\"vert-center\">\n\t\t\t\t\t\t\t\t\t\t\t\t\t\t\t\t\t\t\t\t\t\t\t\t\t<h3>Foyer du cin\u00e9ma Beluga, Bienne<\/h3>\n\t\t\t\t\t\t\t\t\t\t\t\t\t<p>Transformation et r\u00e9novation<\/p>\t\t\t\t\t\t\t\t\t\t\t<\/div><!--\/vert-center-->\n\n\t\t\t\t\t\t\t\t\t\t<\/div>\n\t\t\t\t\t\t\t\t\t<\/div><!--work-item-->\n\n\t\t\t\t\t\t\t\t\n\n\t\t\t\t\t\t\t<\/div><!--\/inner-wrap-->\n\t\t\t\t\t\t<\/div><!--\/col-->\n\n\t\t\t\t\t\n\t\t\t\t\t\t\n\t\t\t\t\t\t<div class=\"col span_6 regular element accueil projets-realises \"  data-project-cat=\"accueil projets-realises \" data-default-color=\"true\" data-title-color=\"\" data-subtitle-color=\"\">\n\n\t\t\t\t\t\t\t<div class=\"inner-wrap animated\" data-animation=\"fade_in_from_bottom\">\n\n\t\t\t\t\t\t\t\t\n\t\t\t\t\t\t\t\t\t<div class=\"work-item style-2\" data-custom-content=\"off\">\n\n\t\t\t\t\t\t\t\t\t\t<img loading=\"lazy\" decoding=\"async\" class=\"size-regular skip-lazy\" src=\"https:\/\/harttig.ch\/wp-content\/uploads\/2023\/04\/Web_harttig-achitekten-umbau-unterer-quai-2746220-500x500.jpg\" alt=\"\" height=\"500\" width=\"500\" srcset=\"https:\/\/harttig.ch\/wp-content\/uploads\/2023\/04\/Web_harttig-achitekten-umbau-unterer-quai-2746220-900x604.jpg 900w, https:\/\/harttig.ch\/wp-content\/uploads\/2023\/04\/Web_harttig-achitekten-umbau-unterer-quai-2746220-600x403.jpg 600w, https:\/\/harttig.ch\/wp-content\/uploads\/2023\/04\/Web_harttig-achitekten-umbau-unterer-quai-2746220-400x269.jpg 400w\" sizes=\"auto, (min-width: 1000px) 50vw, (min-width: 690px) 50vw, 100vw\" \/>\n\t\t\t\t\t\t\t\t\t\t<div class=\"work-info-bg\"><\/div>\n\t\t\t\t\t\t\t\t\t\t<div class=\"work-info\">\n\n\t\t\t\t\t\t\t\t\t\t\t\n\n\t\t\t\t\t\t\t\t\t\t\t\t\n\t\t\t\t\t\t\t\t\t\t\t\t\t<a href=\"https:\/\/harttig.ch\/fr\/portfolio\/immeuble-classe-quai-du-bas-bienne\/\"><span class=\"screen-reader-text\">Immeuble class\u00e9 Quai du Bas, Bienne<\/span><\/a>\n\n\t\t\t\t\t\t\t\t\t\t\t\t\n\n\t\t\t\t\t\t\t\t\t\t\t<div class=\"vert-center\">\n\t\t\t\t\t\t\t\t\t\t\t\t\t\t\t\t\t\t\t\t\t\t\t\t\t<h3>Immeuble class\u00e9 Quai du Bas, Bienne<\/h3>\n\t\t\t\t\t\t\t\t\t\t\t\t\t<p>Transformation, r\u00e9novation, restauration<\/p>\t\t\t\t\t\t\t\t\t\t\t<\/div><!--\/vert-center-->\n\n\t\t\t\t\t\t\t\t\t\t<\/div>\n\t\t\t\t\t\t\t\t\t<\/div><!--work-item-->\n\n\t\t\t\t\t\t\t\t\n\n\t\t\t\t\t\t\t<\/div><!--\/inner-wrap-->\n\t\t\t\t\t\t<\/div><!--\/col-->\n\n\t\t\t\t\t\n\t\t\t\t\t\t\n\t\t\t\t\t\t<div class=\"col span_6 regular element accueil projets-realises \"  data-project-cat=\"accueil projets-realises \" data-default-color=\"true\" data-title-color=\"\" data-subtitle-color=\"\">\n\n\t\t\t\t\t\t\t<div class=\"inner-wrap animated\" data-animation=\"fade_in_from_bottom\">\n\n\t\t\t\t\t\t\t\t\n\t\t\t\t\t\t\t\t\t<div class=\"work-item style-2\" data-custom-content=\"off\">\n\n\t\t\t\t\t\t\t\t\t\t<img loading=\"lazy\" decoding=\"async\" class=\"size-regular skip-lazy\" src=\"https:\/\/harttig.ch\/wp-content\/uploads\/2019\/07\/projekt_WE_5392--500x500.jpg\" alt=\"Umbau und Sanierung Foyer Kino Camera Bern\" height=\"500\" width=\"500\" srcset=\"https:\/\/harttig.ch\/wp-content\/uploads\/2019\/07\/projekt_WE_5392--900x604.jpg 900w, https:\/\/harttig.ch\/wp-content\/uploads\/2019\/07\/projekt_WE_5392--600x403.jpg 600w, https:\/\/harttig.ch\/wp-content\/uploads\/2019\/07\/projekt_WE_5392--400x269.jpg 400w\" sizes=\"auto, (min-width: 1000px) 50vw, (min-width: 690px) 50vw, 100vw\" \/>\n\t\t\t\t\t\t\t\t\t\t<div class=\"work-info-bg\"><\/div>\n\t\t\t\t\t\t\t\t\t\t<div class=\"work-info\">\n\n\t\t\t\t\t\t\t\t\t\t\t\n\n\t\t\t\t\t\t\t\t\t\t\t\t\n\t\t\t\t\t\t\t\t\t\t\t\t\t<a href=\"https:\/\/harttig.ch\/fr\/portfolio\/foyer-du-cinema-camera-berne\/\"><span class=\"screen-reader-text\">Foyer du cin\u00e9ma Camera, Berne<\/span><\/a>\n\n\t\t\t\t\t\t\t\t\t\t\t\t\n\n\t\t\t\t\t\t\t\t\t\t\t<div class=\"vert-center\">\n\t\t\t\t\t\t\t\t\t\t\t\t\t\t\t\t\t\t\t\t\t\t\t\t\t<h3>Foyer du cin\u00e9ma Camera, Berne<\/h3>\n\t\t\t\t\t\t\t\t\t\t\t\t\t<p>Transformation et r\u00e9novation<\/p>\t\t\t\t\t\t\t\t\t\t\t<\/div><!--\/vert-center-->\n\n\t\t\t\t\t\t\t\t\t\t<\/div>\n\t\t\t\t\t\t\t\t\t<\/div><!--work-item-->\n\n\t\t\t\t\t\t\t\t\n\n\t\t\t\t\t\t\t<\/div><!--\/inner-wrap-->\n\t\t\t\t\t\t<\/div><!--\/col-->\n\n\t\t\t\t\t\n\t\t\t\t\t\t\n\t\t\t\t\t\t<div class=\"col span_6 regular element accueil projets-realises \"  data-project-cat=\"accueil projets-realises \" data-default-color=\"true\" data-title-color=\"\" data-subtitle-color=\"\">\n\n\t\t\t\t\t\t\t<div class=\"inner-wrap animated\" data-animation=\"fade_in_from_bottom\">\n\n\t\t\t\t\t\t\t\t\n\t\t\t\t\t\t\t\t\t<div class=\"work-item style-2\" data-custom-content=\"off\">\n\n\t\t\t\t\t\t\t\t\t\t<img loading=\"lazy\" decoding=\"async\" class=\"size-regular skip-lazy\" src=\"https:\/\/harttig.ch\/wp-content\/uploads\/2019\/10\/Wohnhaus-Magglingen-4-500x500.jpg\" alt=\"Wohnhaus Magglingen\" height=\"500\" width=\"500\" srcset=\"https:\/\/harttig.ch\/wp-content\/uploads\/2019\/10\/Wohnhaus-Magglingen-4-900x604.jpg 900w, https:\/\/harttig.ch\/wp-content\/uploads\/2019\/10\/Wohnhaus-Magglingen-4-600x403.jpg 600w, https:\/\/harttig.ch\/wp-content\/uploads\/2019\/10\/Wohnhaus-Magglingen-4-400x269.jpg 400w\" sizes=\"auto, (min-width: 1000px) 50vw, (min-width: 690px) 50vw, 100vw\" \/>\n\t\t\t\t\t\t\t\t\t\t<div class=\"work-info-bg\"><\/div>\n\t\t\t\t\t\t\t\t\t\t<div class=\"work-info\">\n\n\t\t\t\t\t\t\t\t\t\t\t\n\n\t\t\t\t\t\t\t\t\t\t\t\t\n\t\t\t\t\t\t\t\t\t\t\t\t\t<a href=\"https:\/\/harttig.ch\/fr\/portfolio\/immeuble-dhabitation-hauptstrasse-macolin\/\"><span class=\"screen-reader-text\">Maison d&rsquo;habitation route Principale, Macolin<\/span><\/a>\n\n\t\t\t\t\t\t\t\t\t\t\t\t\n\n\t\t\t\t\t\t\t\t\t\t\t<div class=\"vert-center\">\n\t\t\t\t\t\t\t\t\t\t\t\t\t\t\t\t\t\t\t\t\t\t\t\t\t<h3>Maison d&rsquo;habitation route Principale, Macolin<\/h3>\n\t\t\t\t\t\t\t\t\t\t\t\t\t<p>Reconstruction<\/p>\t\t\t\t\t\t\t\t\t\t\t<\/div><!--\/vert-center-->\n\n\t\t\t\t\t\t\t\t\t\t<\/div>\n\t\t\t\t\t\t\t\t\t<\/div><!--work-item-->\n\n\t\t\t\t\t\t\t\t\n\n\t\t\t\t\t\t\t<\/div><!--\/inner-wrap-->\n\t\t\t\t\t\t<\/div><!--\/col-->\n\n\t\t\t\t\t\n\t\t\t\t\t\t\n\t\t\t\t\t\t<div class=\"col span_6 regular element accueil projets-realises \"  data-project-cat=\"accueil projets-realises \" data-default-color=\"true\" data-title-color=\"\" data-subtitle-color=\"\">\n\n\t\t\t\t\t\t\t<div class=\"inner-wrap animated\" data-animation=\"fade_in_from_bottom\">\n\n\t\t\t\t\t\t\t\t\n\t\t\t\t\t\t\t\t\t<div class=\"work-item style-2\" data-custom-content=\"off\">\n\n\t\t\t\t\t\t\t\t\t\t<img loading=\"lazy\" decoding=\"async\" class=\"size-regular skip-lazy\" src=\"https:\/\/harttig.ch\/wp-content\/uploads\/2019\/02\/Alpenstrasse_Projektteaser-500x500.jpg\" alt=\"\" height=\"500\" width=\"500\" srcset=\"https:\/\/harttig.ch\/wp-content\/uploads\/2019\/02\/Alpenstrasse_Projektteaser-600x403.jpg 600w, https:\/\/harttig.ch\/wp-content\/uploads\/2019\/02\/Alpenstrasse_Projektteaser-400x269.jpg 400w\" sizes=\"auto, (min-width: 1000px) 50vw, (min-width: 690px) 50vw, 100vw\" \/>\n\t\t\t\t\t\t\t\t\t\t<div class=\"work-info-bg\"><\/div>\n\t\t\t\t\t\t\t\t\t\t<div class=\"work-info\">\n\n\t\t\t\t\t\t\t\t\t\t\t\n\n\t\t\t\t\t\t\t\t\t\t\t\t\n\t\t\t\t\t\t\t\t\t\t\t\t\t<a href=\"https:\/\/harttig.ch\/fr\/portfolio\/immeuble-dhabitation-alpenstrasse-bienne\/\"><span class=\"screen-reader-text\">Immeuble d&rsquo;habitation rue des Alpes, Bienne<\/span><\/a>\n\n\t\t\t\t\t\t\t\t\t\t\t\t\n\n\t\t\t\t\t\t\t\t\t\t\t<div class=\"vert-center\">\n\t\t\t\t\t\t\t\t\t\t\t\t\t\t\t\t\t\t\t\t\t\t\t\t\t<h3>Immeuble d&rsquo;habitation rue des Alpes, Bienne<\/h3>\n\t\t\t\t\t\t\t\t\t\t\t\t\t<p>R\u00e9novation<\/p>\t\t\t\t\t\t\t\t\t\t\t<\/div><!--\/vert-center-->\n\n\t\t\t\t\t\t\t\t\t\t<\/div>\n\t\t\t\t\t\t\t\t\t<\/div><!--work-item-->\n\n\t\t\t\t\t\t\t\t\n\n\t\t\t\t\t\t\t<\/div><!--\/inner-wrap-->\n\t\t\t\t\t\t<\/div><!--\/col-->\n\n\t\t\t\t\t\n\t\t\t\t\t\t\n\t\t\t\t\t\t<div class=\"col span_6 regular element accueil projets-realises \"  data-project-cat=\"accueil projets-realises \" data-default-color=\"true\" data-title-color=\"\" data-subtitle-color=\"\">\n\n\t\t\t\t\t\t\t<div class=\"inner-wrap animated\" data-animation=\"fade_in_from_bottom\">\n\n\t\t\t\t\t\t\t\t\n\t\t\t\t\t\t\t\t\t<div class=\"work-item style-2\" data-custom-content=\"off\">\n\n\t\t\t\t\t\t\t\t\t\t<img loading=\"lazy\" decoding=\"async\" class=\"size-regular skip-lazy\" src=\"https:\/\/harttig.ch\/wp-content\/uploads\/2019\/02\/Nordfassaden_Projektteaser-500x500.jpg\" alt=\"\" height=\"500\" width=\"500\" srcset=\"https:\/\/harttig.ch\/wp-content\/uploads\/2019\/02\/Nordfassaden_Projektteaser-600x403.jpg 600w, https:\/\/harttig.ch\/wp-content\/uploads\/2019\/02\/Nordfassaden_Projektteaser-400x269.jpg 400w\" sizes=\"auto, (min-width: 1000px) 50vw, (min-width: 690px) 50vw, 100vw\" \/>\n\t\t\t\t\t\t\t\t\t\t<div class=\"work-info-bg\"><\/div>\n\t\t\t\t\t\t\t\t\t\t<div class=\"work-info\">\n\n\t\t\t\t\t\t\t\t\t\t\t\n\n\t\t\t\t\t\t\t\t\t\t\t\t\n\t\t\t\t\t\t\t\t\t\t\t\t\t<a href=\"https:\/\/harttig.ch\/fr\/portfolio\/immeuble-dhabitation-unterer-quai-bienne\/\"><span class=\"screen-reader-text\">Immeuble d&rsquo;habitation quai du Bas, Bienne<\/span><\/a>\n\n\t\t\t\t\t\t\t\t\t\t\t\t\n\n\t\t\t\t\t\t\t\t\t\t\t<div class=\"vert-center\">\n\t\t\t\t\t\t\t\t\t\t\t\t\t\t\t\t\t\t\t\t\t\t\t\t\t<h3>Immeuble d&rsquo;habitation quai du Bas, Bienne<\/h3>\n\t\t\t\t\t\t\t\t\t\t\t\t\t<p>R\u00e9novation<\/p>\t\t\t\t\t\t\t\t\t\t\t<\/div><!--\/vert-center-->\n\n\t\t\t\t\t\t\t\t\t\t<\/div>\n\t\t\t\t\t\t\t\t\t<\/div><!--work-item-->\n\n\t\t\t\t\t\t\t\t\n\n\t\t\t\t\t\t\t<\/div><!--\/inner-wrap-->\n\t\t\t\t\t\t<\/div><!--\/col-->\n\n\t\t\t\t\t\n\t\t\t\t\t\t\n\t\t\t\t\t\t<div class=\"col span_6 regular element projets-realises \"  data-project-cat=\"projets-realises \" data-default-color=\"true\" data-title-color=\"\" data-subtitle-color=\"\">\n\n\t\t\t\t\t\t\t<div class=\"inner-wrap animated\" data-animation=\"fade_in_from_bottom\">\n\n\t\t\t\t\t\t\t\t\n\t\t\t\t\t\t\t\t\t<div class=\"work-item style-2\" data-custom-content=\"off\">\n\n\t\t\t\t\t\t\t\t\t\t<img loading=\"lazy\" decoding=\"async\" class=\"size-regular skip-lazy\" src=\"https:\/\/harttig.ch\/wp-content\/uploads\/2023\/08\/2293_Falbringen49_Harttigarchitekten_172411-500x500.jpg\" alt=\"\" height=\"500\" width=\"500\" srcset=\"https:\/\/harttig.ch\/wp-content\/uploads\/2023\/08\/2293_Falbringen49_Harttigarchitekten_172411-900x604.jpg 900w, https:\/\/harttig.ch\/wp-content\/uploads\/2023\/08\/2293_Falbringen49_Harttigarchitekten_172411-600x403.jpg 600w, https:\/\/harttig.ch\/wp-content\/uploads\/2023\/08\/2293_Falbringen49_Harttigarchitekten_172411-400x269.jpg 400w\" sizes=\"auto, (min-width: 1000px) 50vw, (min-width: 690px) 50vw, 100vw\" \/>\n\t\t\t\t\t\t\t\t\t\t<div class=\"work-info-bg\"><\/div>\n\t\t\t\t\t\t\t\t\t\t<div class=\"work-info\">\n\n\t\t\t\t\t\t\t\t\t\t\t\n\n\t\t\t\t\t\t\t\t\t\t\t\t\n\t\t\t\t\t\t\t\t\t\t\t\t\t<a href=\"https:\/\/harttig.ch\/fr\/portfolio\/immeuble-dhabitation-falbringen-49-bienne\/\"><span class=\"screen-reader-text\">Immeuble d&rsquo;habitation Falbringen 49, Bienne<\/span><\/a>\n\n\t\t\t\t\t\t\t\t\t\t\t\t\n\n\t\t\t\t\t\t\t\t\t\t\t<div class=\"vert-center\">\n\t\t\t\t\t\t\t\t\t\t\t\t\t\t\t\t\t\t\t\t\t\t\t\t\t<h3>Immeuble d&rsquo;habitation Falbringen 49, Bienne<\/h3>\n\t\t\t\t\t\t\t\t\t\t\t\t\t<p>Transformation et sur\u00e9l\u00e9vation<\/p>\t\t\t\t\t\t\t\t\t\t\t<\/div><!--\/vert-center-->\n\n\t\t\t\t\t\t\t\t\t\t<\/div>\n\t\t\t\t\t\t\t\t\t<\/div><!--work-item-->\n\n\t\t\t\t\t\t\t\t\n\n\t\t\t\t\t\t\t<\/div><!--\/inner-wrap-->\n\t\t\t\t\t\t<\/div><!--\/col-->\n\n\t\t\t\t\t\n\t\t\t\t\t\t\n\t\t\t\t\t\t<div class=\"col span_6 regular element projets-realises \"  data-project-cat=\"projets-realises \" data-default-color=\"true\" data-title-color=\"\" data-subtitle-color=\"\">\n\n\t\t\t\t\t\t\t<div class=\"inner-wrap animated\" data-animation=\"fade_in_from_bottom\">\n\n\t\t\t\t\t\t\t\t\n\t\t\t\t\t\t\t\t\t<div class=\"work-item style-2\" data-custom-content=\"off\">\n\n\t\t\t\t\t\t\t\t\t\t<img loading=\"lazy\" decoding=\"async\" class=\"size-regular skip-lazy\" src=\"https:\/\/harttig.ch\/wp-content\/uploads\/2021\/08\/HEADER_neu-500x500.jpg\" alt=\"HEADER\" height=\"500\" width=\"500\" srcset=\"https:\/\/harttig.ch\/wp-content\/uploads\/2021\/08\/HEADER_neu-900x604.jpg 900w, https:\/\/harttig.ch\/wp-content\/uploads\/2021\/08\/HEADER_neu-600x403.jpg 600w, https:\/\/harttig.ch\/wp-content\/uploads\/2021\/08\/HEADER_neu-400x269.jpg 400w\" sizes=\"auto, (min-width: 1000px) 50vw, (min-width: 690px) 50vw, 100vw\" \/>\n\t\t\t\t\t\t\t\t\t\t<div class=\"work-info-bg\"><\/div>\n\t\t\t\t\t\t\t\t\t\t<div class=\"work-info\">\n\n\t\t\t\t\t\t\t\t\t\t\t\n\n\t\t\t\t\t\t\t\t\t\t\t\t\n\t\t\t\t\t\t\t\t\t\t\t\t\t<a href=\"https:\/\/harttig.ch\/fr\/portfolio\/kita-marbachhaus-sonnenbergstrasse-berne\/\"><span class=\"screen-reader-text\">KITA Marbachhaus, Sonnenbergstrasse, Berne<\/span><\/a>\n\n\t\t\t\t\t\t\t\t\t\t\t\t\n\n\t\t\t\t\t\t\t\t\t\t\t<div class=\"vert-center\">\n\t\t\t\t\t\t\t\t\t\t\t\t\t\t\t\t\t\t\t\t\t\t\t\t\t<h3>KITA Marbachhaus, Sonnenbergstrasse, Berne<\/h3>\n\t\t\t\t\t\t\t\t\t\t\t\t\t<p>Transformation et r\u00e9novation<\/p>\t\t\t\t\t\t\t\t\t\t\t<\/div><!--\/vert-center-->\n\n\t\t\t\t\t\t\t\t\t\t<\/div>\n\t\t\t\t\t\t\t\t\t<\/div><!--work-item-->\n\n\t\t\t\t\t\t\t\t\n\n\t\t\t\t\t\t\t<\/div><!--\/inner-wrap-->\n\t\t\t\t\t\t<\/div><!--\/col-->\n\n\t\t\t\t\t\n\t\t\t\t\t\t\n\t\t\t\t\t\t<div class=\"col span_6 regular element projets-realises \"  data-project-cat=\"projets-realises \" data-default-color=\"true\" data-title-color=\"\" data-subtitle-color=\"\">\n\n\t\t\t\t\t\t\t<div class=\"inner-wrap animated\" data-animation=\"fade_in_from_bottom\">\n\n\t\t\t\t\t\t\t\t\n\t\t\t\t\t\t\t\t\t<div class=\"work-item style-2\" data-custom-content=\"off\">\n\n\t\t\t\t\t\t\t\t\t\t<img loading=\"lazy\" decoding=\"async\" class=\"size-regular skip-lazy\" src=\"https:\/\/harttig.ch\/wp-content\/uploads\/2021\/05\/HEADER_bearbeitet-1-500x500.jpg\" alt=\"Wohnhaus Beundenweg, Biel HEADER\" height=\"500\" width=\"500\" srcset=\"https:\/\/harttig.ch\/wp-content\/uploads\/2021\/05\/HEADER_bearbeitet-1-900x604.jpg 900w, https:\/\/harttig.ch\/wp-content\/uploads\/2021\/05\/HEADER_bearbeitet-1-600x403.jpg 600w, https:\/\/harttig.ch\/wp-content\/uploads\/2021\/05\/HEADER_bearbeitet-1-400x269.jpg 400w\" sizes=\"auto, (min-width: 1000px) 50vw, (min-width: 690px) 50vw, 100vw\" \/>\n\t\t\t\t\t\t\t\t\t\t<div class=\"work-info-bg\"><\/div>\n\t\t\t\t\t\t\t\t\t\t<div class=\"work-info\">\n\n\t\t\t\t\t\t\t\t\t\t\t\n\n\t\t\t\t\t\t\t\t\t\t\t\t\n\t\t\t\t\t\t\t\t\t\t\t\t\t<a href=\"https:\/\/harttig.ch\/fr\/portfolio\/immeuble-dhabitation-beundenweg-bienne\/\"><span class=\"screen-reader-text\">Immeuble d&rsquo;habitation Beundenweg, Bienne<\/span><\/a>\n\n\t\t\t\t\t\t\t\t\t\t\t\t\n\n\t\t\t\t\t\t\t\t\t\t\t<div class=\"vert-center\">\n\t\t\t\t\t\t\t\t\t\t\t\t\t\t\t\t\t\t\t\t\t\t\t\t\t<h3>Immeuble d&rsquo;habitation Beundenweg, Bienne<\/h3>\n\t\t\t\t\t\t\t\t\t\t\t\t\t<p>Transformation et r\u00e9novation<\/p>\t\t\t\t\t\t\t\t\t\t\t<\/div><!--\/vert-center-->\n\n\t\t\t\t\t\t\t\t\t\t<\/div>\n\t\t\t\t\t\t\t\t\t<\/div><!--work-item-->\n\n\t\t\t\t\t\t\t\t\n\n\t\t\t\t\t\t\t<\/div><!--\/inner-wrap-->\n\t\t\t\t\t\t<\/div><!--\/col-->\n\n\t\t\t\t\t\n\t\t\t\t\t\t\n\t\t\t\t\t\t<div class=\"col span_6 regular element projets-realises \"  data-project-cat=\"projets-realises \" data-default-color=\"true\" data-title-color=\"\" data-subtitle-color=\"\">\n\n\t\t\t\t\t\t\t<div class=\"inner-wrap animated\" data-animation=\"fade_in_from_bottom\">\n\n\t\t\t\t\t\t\t\t\n\t\t\t\t\t\t\t\t\t<div class=\"work-item style-2\" data-custom-content=\"off\">\n\n\t\t\t\t\t\t\t\t\t\t<img loading=\"lazy\" decoding=\"async\" class=\"size-regular skip-lazy\" src=\"https:\/\/harttig.ch\/wp-content\/uploads\/2021\/08\/header-1-500x500.jpg\" alt=\"Prototyp Busladestation, Biel\" height=\"500\" width=\"500\" srcset=\"https:\/\/harttig.ch\/wp-content\/uploads\/2021\/08\/header-1-900x604.jpg 900w, https:\/\/harttig.ch\/wp-content\/uploads\/2021\/08\/header-1-600x403.jpg 600w, https:\/\/harttig.ch\/wp-content\/uploads\/2021\/08\/header-1-400x269.jpg 400w\" sizes=\"auto, (min-width: 1000px) 50vw, (min-width: 690px) 50vw, 100vw\" \/>\n\t\t\t\t\t\t\t\t\t\t<div class=\"work-info-bg\"><\/div>\n\t\t\t\t\t\t\t\t\t\t<div class=\"work-info\">\n\n\t\t\t\t\t\t\t\t\t\t\t\n\n\t\t\t\t\t\t\t\t\t\t\t\t\n\t\t\t\t\t\t\t\t\t\t\t\t\t<a href=\"https:\/\/harttig.ch\/fr\/portfolio\/prototype-de-station-de-recharge-pour-bus-bienne\/\"><span class=\"screen-reader-text\">Prototype de station de recharge pour bus, Bienne<\/span><\/a>\n\n\t\t\t\t\t\t\t\t\t\t\t\t\n\n\t\t\t\t\t\t\t\t\t\t\t<div class=\"vert-center\">\n\t\t\t\t\t\t\t\t\t\t\t\t\t\t\t\t\t\t\t\t\t\t\t\t\t<h3>Prototype de station de recharge pour bus, Bienne<\/h3>\n\t\t\t\t\t\t\t\t\t\t\t\t\t<p>Nouvelle construction<\/p>\t\t\t\t\t\t\t\t\t\t\t<\/div><!--\/vert-center-->\n\n\t\t\t\t\t\t\t\t\t\t<\/div>\n\t\t\t\t\t\t\t\t\t<\/div><!--work-item-->\n\n\t\t\t\t\t\t\t\t\n\n\t\t\t\t\t\t\t<\/div><!--\/inner-wrap-->\n\t\t\t\t\t\t<\/div><!--\/col-->\n\n\t\t\t\t\t\n\t\t\t\t\t\t\n\t\t\t\t\t\t<div class=\"col span_6 regular element projets-realises \"  data-project-cat=\"projets-realises \" data-default-color=\"true\" data-title-color=\"\" data-subtitle-color=\"\">\n\n\t\t\t\t\t\t\t<div class=\"inner-wrap animated\" data-animation=\"fade_in_from_bottom\">\n\n\t\t\t\t\t\t\t\t\n\t\t\t\t\t\t\t\t\t<div class=\"work-item style-2\" data-custom-content=\"off\">\n\n\t\t\t\t\t\t\t\t\t\t<img loading=\"lazy\" decoding=\"async\" class=\"size-regular skip-lazy\" src=\"https:\/\/harttig.ch\/wp-content\/uploads\/2020\/09\/20200804-harrtig-architekten-schuetzengasse-gurtner-oesch-39717-0107-Stefan-Hofmann-fotostudio-ph7-www.ph7_.info--500x500.jpg\" alt=\"Wohnhaus Sch\u00fctzengasse\" height=\"500\" width=\"500\" srcset=\"https:\/\/harttig.ch\/wp-content\/uploads\/2020\/09\/20200804-harrtig-architekten-schuetzengasse-gurtner-oesch-39717-0107-Stefan-Hofmann-fotostudio-ph7-www.ph7_.info--900x604.jpg 900w, https:\/\/harttig.ch\/wp-content\/uploads\/2020\/09\/20200804-harrtig-architekten-schuetzengasse-gurtner-oesch-39717-0107-Stefan-Hofmann-fotostudio-ph7-www.ph7_.info--600x403.jpg 600w, https:\/\/harttig.ch\/wp-content\/uploads\/2020\/09\/20200804-harrtig-architekten-schuetzengasse-gurtner-oesch-39717-0107-Stefan-Hofmann-fotostudio-ph7-www.ph7_.info--400x269.jpg 400w\" sizes=\"auto, (min-width: 1000px) 50vw, (min-width: 690px) 50vw, 100vw\" \/>\n\t\t\t\t\t\t\t\t\t\t<div class=\"work-info-bg\"><\/div>\n\t\t\t\t\t\t\t\t\t\t<div class=\"work-info\">\n\n\t\t\t\t\t\t\t\t\t\t\t\n\n\t\t\t\t\t\t\t\t\t\t\t\t\n\t\t\t\t\t\t\t\t\t\t\t\t\t<a href=\"https:\/\/harttig.ch\/fr\/portfolio\/immeuble-dhabitation-schuetzengasse-bienne\/\"><span class=\"screen-reader-text\">Immeuble d&rsquo;habitation Sch\u00fctzengasse, Bienne<\/span><\/a>\n\n\t\t\t\t\t\t\t\t\t\t\t\t\n\n\t\t\t\t\t\t\t\t\t\t\t<div class=\"vert-center\">\n\t\t\t\t\t\t\t\t\t\t\t\t\t\t\t\t\t\t\t\t\t\t\t\t\t<h3>Immeuble d&rsquo;habitation Sch\u00fctzengasse, Bienne<\/h3>\n\t\t\t\t\t\t\t\t\t\t\t\t\t<p>Transformation et r\u00e9novation<\/p>\t\t\t\t\t\t\t\t\t\t\t<\/div><!--\/vert-center-->\n\n\t\t\t\t\t\t\t\t\t\t<\/div>\n\t\t\t\t\t\t\t\t\t<\/div><!--work-item-->\n\n\t\t\t\t\t\t\t\t\n\n\t\t\t\t\t\t\t<\/div><!--\/inner-wrap-->\n\t\t\t\t\t\t<\/div><!--\/col-->\n\n\t\t\t\t\t\n\t\t\t\t\t\t\n\t\t\t\t\t\t<div class=\"col span_6 regular element projets-realises \"  data-project-cat=\"projets-realises \" data-default-color=\"true\" data-title-color=\"\" data-subtitle-color=\"\">\n\n\t\t\t\t\t\t\t<div class=\"inner-wrap animated\" data-animation=\"fade_in_from_bottom\">\n\n\t\t\t\t\t\t\t\t\n\t\t\t\t\t\t\t\t\t<div class=\"work-item style-2\" data-custom-content=\"off\">\n\n\t\t\t\t\t\t\t\t\t\t<img loading=\"lazy\" decoding=\"async\" class=\"size-regular skip-lazy\" src=\"https:\/\/harttig.ch\/wp-content\/uploads\/2020\/06\/202004-EFH-WalperswilcRemo-Zehnder-37-500x500.jpg\" alt=\"Wohnhaus Walperswil\" height=\"500\" width=\"500\" srcset=\"https:\/\/harttig.ch\/wp-content\/uploads\/2020\/06\/202004-EFH-WalperswilcRemo-Zehnder-37-900x604.jpg 900w, https:\/\/harttig.ch\/wp-content\/uploads\/2020\/06\/202004-EFH-WalperswilcRemo-Zehnder-37-600x403.jpg 600w, https:\/\/harttig.ch\/wp-content\/uploads\/2020\/06\/202004-EFH-WalperswilcRemo-Zehnder-37-400x269.jpg 400w\" sizes=\"auto, (min-width: 1000px) 50vw, (min-width: 690px) 50vw, 100vw\" \/>\n\t\t\t\t\t\t\t\t\t\t<div class=\"work-info-bg\"><\/div>\n\t\t\t\t\t\t\t\t\t\t<div class=\"work-info\">\n\n\t\t\t\t\t\t\t\t\t\t\t\n\n\t\t\t\t\t\t\t\t\t\t\t\t\n\t\t\t\t\t\t\t\t\t\t\t\t\t<a href=\"https:\/\/harttig.ch\/fr\/portfolio\/maison-dhabitation-tannenweg-walperswil\/\"><span class=\"screen-reader-text\">Maison d&rsquo;habitation Tannenweg, Walperswil<\/span><\/a>\n\n\t\t\t\t\t\t\t\t\t\t\t\t\n\n\t\t\t\t\t\t\t\t\t\t\t<div class=\"vert-center\">\n\t\t\t\t\t\t\t\t\t\t\t\t\t\t\t\t\t\t\t\t\t\t\t\t\t<h3>Maison d&rsquo;habitation Tannenweg, Walperswil<\/h3>\n\t\t\t\t\t\t\t\t\t\t\t\t\t<p>Nouvelle construction<\/p>\t\t\t\t\t\t\t\t\t\t\t<\/div><!--\/vert-center-->\n\n\t\t\t\t\t\t\t\t\t\t<\/div>\n\t\t\t\t\t\t\t\t\t<\/div><!--work-item-->\n\n\t\t\t\t\t\t\t\t\n\n\t\t\t\t\t\t\t<\/div><!--\/inner-wrap-->\n\t\t\t\t\t\t<\/div><!--\/col-->\n\n\t\t\t\t\t\n\t\t\t\t\t\t\n\t\t\t\t\t\t<div class=\"col span_6 regular element projets-realises \"  data-project-cat=\"projets-realises \" data-default-color=\"true\" data-title-color=\"\" data-subtitle-color=\"\">\n\n\t\t\t\t\t\t\t<div class=\"inner-wrap animated\" data-animation=\"fade_in_from_bottom\">\n\n\t\t\t\t\t\t\t\t\n\t\t\t\t\t\t\t\t\t<div class=\"work-item style-2\" data-custom-content=\"off\">\n\n\t\t\t\t\t\t\t\t\t\t<img loading=\"lazy\" decoding=\"async\" class=\"size-regular skip-lazy\" src=\"https:\/\/harttig.ch\/wp-content\/uploads\/2019\/07\/def2253_WHG1-500x500.jpg\" alt=\"Wohnen Sanierung Wohnung Elfenaustrasse\" height=\"500\" width=\"500\" srcset=\"https:\/\/harttig.ch\/wp-content\/uploads\/2019\/07\/def2253_WHG1-900x604.jpg 900w, https:\/\/harttig.ch\/wp-content\/uploads\/2019\/07\/def2253_WHG1-600x403.jpg 600w, https:\/\/harttig.ch\/wp-content\/uploads\/2019\/07\/def2253_WHG1-400x269.jpg 400w\" sizes=\"auto, (min-width: 1000px) 50vw, (min-width: 690px) 50vw, 100vw\" \/>\n\t\t\t\t\t\t\t\t\t\t<div class=\"work-info-bg\"><\/div>\n\t\t\t\t\t\t\t\t\t\t<div class=\"work-info\">\n\n\t\t\t\t\t\t\t\t\t\t\t\n\n\t\t\t\t\t\t\t\t\t\t\t\t\n\t\t\t\t\t\t\t\t\t\t\t\t\t<a href=\"https:\/\/harttig.ch\/fr\/portfolio\/appartement-elfenaustrasse-bienne-2\/\"><span class=\"screen-reader-text\">Appartement Elfenaustrasse, Bienne<\/span><\/a>\n\n\t\t\t\t\t\t\t\t\t\t\t\t\n\n\t\t\t\t\t\t\t\t\t\t\t<div class=\"vert-center\">\n\t\t\t\t\t\t\t\t\t\t\t\t\t\t\t\t\t\t\t\t\t\t\t\t\t<h3>Appartement Elfenaustrasse, Bienne<\/h3>\n\t\t\t\t\t\t\t\t\t\t\t\t\t<p>R\u00e9novation<\/p>\t\t\t\t\t\t\t\t\t\t\t<\/div><!--\/vert-center-->\n\n\t\t\t\t\t\t\t\t\t\t<\/div>\n\t\t\t\t\t\t\t\t\t<\/div><!--work-item-->\n\n\t\t\t\t\t\t\t\t\n\n\t\t\t\t\t\t\t<\/div><!--\/inner-wrap-->\n\t\t\t\t\t\t<\/div><!--\/col-->\n\n\t\t\t\t\t\n\t\t\t\t\t\t\n\t\t\t\t\t\t<div class=\"col span_6 regular element projets-realises \"  data-project-cat=\"projets-realises \" data-default-color=\"true\" data-title-color=\"\" data-subtitle-color=\"\">\n\n\t\t\t\t\t\t\t<div class=\"inner-wrap animated\" data-animation=\"fade_in_from_bottom\">\n\n\t\t\t\t\t\t\t\t\n\t\t\t\t\t\t\t\t\t<div class=\"work-item style-2\" data-custom-content=\"off\">\n\n\t\t\t\t\t\t\t\t\t\t<img loading=\"lazy\" decoding=\"async\" class=\"size-regular skip-lazy\" src=\"https:\/\/harttig.ch\/wp-content\/uploads\/2019\/08\/Fassade_Dufourstr_projekt1-500x500.jpg\" alt=\"Fassadensanierung Dufourstrasse Biel\" height=\"500\" width=\"500\" srcset=\"https:\/\/harttig.ch\/wp-content\/uploads\/2019\/08\/Fassade_Dufourstr_projekt1-900x604.jpg 900w, https:\/\/harttig.ch\/wp-content\/uploads\/2019\/08\/Fassade_Dufourstr_projekt1-600x403.jpg 600w, https:\/\/harttig.ch\/wp-content\/uploads\/2019\/08\/Fassade_Dufourstr_projekt1-400x269.jpg 400w\" sizes=\"auto, (min-width: 1000px) 50vw, (min-width: 690px) 50vw, 100vw\" \/>\n\t\t\t\t\t\t\t\t\t\t<div class=\"work-info-bg\"><\/div>\n\t\t\t\t\t\t\t\t\t\t<div class=\"work-info\">\n\n\t\t\t\t\t\t\t\t\t\t\t\n\n\t\t\t\t\t\t\t\t\t\t\t\t\n\t\t\t\t\t\t\t\t\t\t\t\t\t<a href=\"https:\/\/harttig.ch\/fr\/portfolio\/immeuble-dhabitation-rue-dufour-bienne\/\"><span class=\"screen-reader-text\">Immeuble d&rsquo;habitation rue Dufour, Bienne<\/span><\/a>\n\n\t\t\t\t\t\t\t\t\t\t\t\t\n\n\t\t\t\t\t\t\t\t\t\t\t<div class=\"vert-center\">\n\t\t\t\t\t\t\t\t\t\t\t\t\t\t\t\t\t\t\t\t\t\t\t\t\t<h3>Immeuble d&rsquo;habitation rue Dufour, Bienne<\/h3>\n\t\t\t\t\t\t\t\t\t\t\t\t\t<p>Reconstruction et r\u00e9habilitation<\/p>\t\t\t\t\t\t\t\t\t\t\t<\/div><!--\/vert-center-->\n\n\t\t\t\t\t\t\t\t\t\t<\/div>\n\t\t\t\t\t\t\t\t\t<\/div><!--work-item-->\n\n\t\t\t\t\t\t\t\t\n\n\t\t\t\t\t\t\t<\/div><!--\/inner-wrap-->\n\t\t\t\t\t\t<\/div><!--\/col-->\n\n\t\t\t\t\t\n\t\t\t\t\t\t\n\t\t\t\t\t\t<div class=\"col span_6 regular element projets-realises \"  data-project-cat=\"projets-realises \" data-default-color=\"true\" data-title-color=\"\" data-subtitle-color=\"\">\n\n\t\t\t\t\t\t\t<div class=\"inner-wrap animated\" data-animation=\"fade_in_from_bottom\">\n\n\t\t\t\t\t\t\t\t\n\t\t\t\t\t\t\t\t\t<div class=\"work-item style-2\" data-custom-content=\"off\">\n\n\t\t\t\t\t\t\t\t\t\t<img loading=\"lazy\" decoding=\"async\" class=\"size-regular skip-lazy\" src=\"https:\/\/harttig.ch\/wp-content\/uploads\/2019\/07\/Header_WE_1565--500x500.jpg\" alt=\"Umbau und Erweiterung Wohnhaus Beundenweg\" height=\"500\" width=\"500\" srcset=\"https:\/\/harttig.ch\/wp-content\/uploads\/2019\/07\/Header_WE_1565--900x604.jpg 900w, https:\/\/harttig.ch\/wp-content\/uploads\/2019\/07\/Header_WE_1565--600x403.jpg 600w, https:\/\/harttig.ch\/wp-content\/uploads\/2019\/07\/Header_WE_1565--400x269.jpg 400w\" sizes=\"auto, (min-width: 1000px) 50vw, (min-width: 690px) 50vw, 100vw\" \/>\n\t\t\t\t\t\t\t\t\t\t<div class=\"work-info-bg\"><\/div>\n\t\t\t\t\t\t\t\t\t\t<div class=\"work-info\">\n\n\t\t\t\t\t\t\t\t\t\t\t\n\n\t\t\t\t\t\t\t\t\t\t\t\t\n\t\t\t\t\t\t\t\t\t\t\t\t\t<a href=\"https:\/\/harttig.ch\/fr\/portfolio\/immeuble-dhabitation-beundenweg-bienne-2\/\"><span class=\"screen-reader-text\">Immeuble d&rsquo;habitation Beundenweg, Bienne<\/span><\/a>\n\n\t\t\t\t\t\t\t\t\t\t\t\t\n\n\t\t\t\t\t\t\t\t\t\t\t<div class=\"vert-center\">\n\t\t\t\t\t\t\t\t\t\t\t\t\t\t\t\t\t\t\t\t\t\t\t\t\t<h3>Immeuble d&rsquo;habitation Beundenweg, Bienne<\/h3>\n\t\t\t\t\t\t\t\t\t\t\t\t\t<p>Transformation et extension<\/p>\t\t\t\t\t\t\t\t\t\t\t<\/div><!--\/vert-center-->\n\n\t\t\t\t\t\t\t\t\t\t<\/div>\n\t\t\t\t\t\t\t\t\t<\/div><!--work-item-->\n\n\t\t\t\t\t\t\t\t\n\n\t\t\t\t\t\t\t<\/div><!--\/inner-wrap-->\n\t\t\t\t\t\t<\/div><!--\/col-->\n\n\t\t\t\t\t\n\t\t\t\t\t\t\n\t\t\t\t\t\t<div class=\"col span_6 regular element projets-realises \"  data-project-cat=\"projets-realises \" data-default-color=\"true\" data-title-color=\"\" data-subtitle-color=\"\">\n\n\t\t\t\t\t\t\t<div class=\"inner-wrap animated\" data-animation=\"fade_in_from_bottom\">\n\n\t\t\t\t\t\t\t\t\n\t\t\t\t\t\t\t\t\t<div class=\"work-item style-2\" data-custom-content=\"off\">\n\n\t\t\t\t\t\t\t\t\t\t<img loading=\"lazy\" decoding=\"async\" class=\"size-regular skip-lazy\" src=\"https:\/\/harttig.ch\/wp-content\/uploads\/2019\/06\/WE_1672-blog_teaser2-500x500.jpg\" alt=\"\" height=\"500\" width=\"500\" srcset=\"https:\/\/harttig.ch\/wp-content\/uploads\/2019\/06\/WE_1672-blog_teaser2-900x600.jpg 900w, https:\/\/harttig.ch\/wp-content\/uploads\/2019\/06\/WE_1672-blog_teaser2-600x403.jpg 600w, https:\/\/harttig.ch\/wp-content\/uploads\/2019\/06\/WE_1672-blog_teaser2-400x269.jpg 400w\" sizes=\"auto, (min-width: 1000px) 50vw, (min-width: 690px) 50vw, 100vw\" \/>\n\t\t\t\t\t\t\t\t\t\t<div class=\"work-info-bg\"><\/div>\n\t\t\t\t\t\t\t\t\t\t<div class=\"work-info\">\n\n\t\t\t\t\t\t\t\t\t\t\t\n\n\t\t\t\t\t\t\t\t\t\t\t\t\n\t\t\t\t\t\t\t\t\t\t\t\t\t<a href=\"https:\/\/harttig.ch\/fr\/portfolio\/appartement-alpenstrasse-bienne\/\"><span class=\"screen-reader-text\">Appartement Alpenstrasse, Bienne<\/span><\/a>\n\n\t\t\t\t\t\t\t\t\t\t\t\t\n\n\t\t\t\t\t\t\t\t\t\t\t<div class=\"vert-center\">\n\t\t\t\t\t\t\t\t\t\t\t\t\t\t\t\t\t\t\t\t\t\t\t\t\t<h3>Appartement Alpenstrasse, Bienne<\/h3>\n\t\t\t\t\t\t\t\t\t\t\t\t\t<p>R\u00e9novation<\/p>\t\t\t\t\t\t\t\t\t\t\t<\/div><!--\/vert-center-->\n\n\t\t\t\t\t\t\t\t\t\t<\/div>\n\t\t\t\t\t\t\t\t\t<\/div><!--work-item-->\n\n\t\t\t\t\t\t\t\t\n\n\t\t\t\t\t\t\t<\/div><!--\/inner-wrap-->\n\t\t\t\t\t\t<\/div><!--\/col-->\n\n\t\t\t\t\t\n\t\t\t\t\t\t\n\t\t\t\t\t\t<div class=\"col span_6 regular element projets-realises \"  data-project-cat=\"projets-realises \" data-default-color=\"true\" data-title-color=\"\" data-subtitle-color=\"\">\n\n\t\t\t\t\t\t\t<div class=\"inner-wrap animated\" data-animation=\"fade_in_from_bottom\">\n\n\t\t\t\t\t\t\t\t\n\t\t\t\t\t\t\t\t\t<div class=\"work-item style-2\" data-custom-content=\"off\">\n\n\t\t\t\t\t\t\t\t\t\t<img loading=\"lazy\" decoding=\"async\" class=\"size-regular skip-lazy\" src=\"https:\/\/harttig.ch\/wp-content\/uploads\/2019\/02\/MaisonBlanche_Projektteaser-500x500.jpg\" alt=\"\" height=\"500\" width=\"500\" srcset=\"https:\/\/harttig.ch\/wp-content\/uploads\/2019\/02\/MaisonBlanche_Projektteaser-600x403.jpg 600w, https:\/\/harttig.ch\/wp-content\/uploads\/2019\/02\/MaisonBlanche_Projektteaser-400x269.jpg 400w\" sizes=\"auto, (min-width: 1000px) 50vw, (min-width: 690px) 50vw, 100vw\" \/>\n\t\t\t\t\t\t\t\t\t\t<div class=\"work-info-bg\"><\/div>\n\t\t\t\t\t\t\t\t\t\t<div class=\"work-info\">\n\n\t\t\t\t\t\t\t\t\t\t\t\n\n\t\t\t\t\t\t\t\t\t\t\t\t\n\t\t\t\t\t\t\t\t\t\t\t\t\t<a href=\"https:\/\/harttig.ch\/fr\/portfolio\/maison-blanche-evilard\/\"><span class=\"screen-reader-text\">Maison Blanche, Evilard<\/span><\/a>\n\n\t\t\t\t\t\t\t\t\t\t\t\t\n\n\t\t\t\t\t\t\t\t\t\t\t<div class=\"vert-center\">\n\t\t\t\t\t\t\t\t\t\t\t\t\t\t\t\t\t\t\t\t\t\t\t\t\t<h3>Maison Blanche, Evilard<\/h3>\n\t\t\t\t\t\t\t\t\t\t\t\t\t<p>Transformation<\/p>\t\t\t\t\t\t\t\t\t\t\t<\/div><!--\/vert-center-->\n\n\t\t\t\t\t\t\t\t\t\t<\/div>\n\t\t\t\t\t\t\t\t\t<\/div><!--work-item-->\n\n\t\t\t\t\t\t\t\t\n\n\t\t\t\t\t\t\t<\/div><!--\/inner-wrap-->\n\t\t\t\t\t\t<\/div><!--\/col-->\n\n\t\t\t\t\t\n\t\t\t\t\t\t\n\t\t\t\t\t\t<div class=\"col span_6 regular element projets-realises \"  data-project-cat=\"projets-realises \" data-default-color=\"true\" data-title-color=\"\" data-subtitle-color=\"\">\n\n\t\t\t\t\t\t\t<div class=\"inner-wrap animated\" data-animation=\"fade_in_from_bottom\">\n\n\t\t\t\t\t\t\t\t\n\t\t\t\t\t\t\t\t\t<div class=\"work-item style-2\" data-custom-content=\"off\">\n\n\t\t\t\t\t\t\t\t\t\t<img loading=\"lazy\" decoding=\"async\" class=\"size-regular skip-lazy\" src=\"https:\/\/harttig.ch\/wp-content\/uploads\/2019\/07\/Header_RS5240_1502-Neuenburgstrasse29470-Kopie-scr-500x500.jpg\" alt=\"Neubau MFH Neuenburgstrasse Biel\" height=\"500\" width=\"500\" srcset=\"https:\/\/harttig.ch\/wp-content\/uploads\/2019\/07\/Header_RS5240_1502-Neuenburgstrasse29470-Kopie-scr-900x604.jpg 900w, https:\/\/harttig.ch\/wp-content\/uploads\/2019\/07\/Header_RS5240_1502-Neuenburgstrasse29470-Kopie-scr-600x403.jpg 600w, https:\/\/harttig.ch\/wp-content\/uploads\/2019\/07\/Header_RS5240_1502-Neuenburgstrasse29470-Kopie-scr-400x269.jpg 400w\" sizes=\"auto, (min-width: 1000px) 50vw, (min-width: 690px) 50vw, 100vw\" \/>\n\t\t\t\t\t\t\t\t\t\t<div class=\"work-info-bg\"><\/div>\n\t\t\t\t\t\t\t\t\t\t<div class=\"work-info\">\n\n\t\t\t\t\t\t\t\t\t\t\t\n\n\t\t\t\t\t\t\t\t\t\t\t\t\n\t\t\t\t\t\t\t\t\t\t\t\t\t<a href=\"https:\/\/harttig.ch\/fr\/portfolio\/immeuble-dhabitation-rue-de-neuchatel-bienne\/\"><span class=\"screen-reader-text\">Immeuble d&rsquo;habitation rue de Neuch\u00e2tel, Bienne<\/span><\/a>\n\n\t\t\t\t\t\t\t\t\t\t\t\t\n\n\t\t\t\t\t\t\t\t\t\t\t<div class=\"vert-center\">\n\t\t\t\t\t\t\t\t\t\t\t\t\t\t\t\t\t\t\t\t\t\t\t\t\t<h3>Immeuble d&rsquo;habitation rue de Neuch\u00e2tel, Bienne<\/h3>\n\t\t\t\t\t\t\t\t\t\t\t\t\t<p>Nouvelle construction<\/p>\t\t\t\t\t\t\t\t\t\t\t<\/div><!--\/vert-center-->\n\n\t\t\t\t\t\t\t\t\t\t<\/div>\n\t\t\t\t\t\t\t\t\t<\/div><!--work-item-->\n\n\t\t\t\t\t\t\t\t\n\n\t\t\t\t\t\t\t<\/div><!--\/inner-wrap-->\n\t\t\t\t\t\t<\/div><!--\/col-->\n\n\t\t\t\t\t\n\t\t\t\t\t\t\n\t\t\t\t\t\t<div class=\"col span_6 regular element projets-realises \"  data-project-cat=\"projets-realises \" data-default-color=\"true\" data-title-color=\"\" data-subtitle-color=\"\">\n\n\t\t\t\t\t\t\t<div class=\"inner-wrap animated\" data-animation=\"fade_in_from_bottom\">\n\n\t\t\t\t\t\t\t\t\n\t\t\t\t\t\t\t\t\t<div class=\"work-item style-2\" data-custom-content=\"off\">\n\n\t\t\t\t\t\t\t\t\t\t<img loading=\"lazy\" decoding=\"async\" class=\"size-regular skip-lazy\" src=\"https:\/\/harttig.ch\/wp-content\/uploads\/2019\/07\/HEADER_RS1387_1310-EFH-Wolf17176-500x500.jpg\" alt=\"Neubau Wohnhaus Lindenweg Magglingen\" height=\"500\" width=\"500\" srcset=\"https:\/\/harttig.ch\/wp-content\/uploads\/2019\/07\/HEADER_RS1387_1310-EFH-Wolf17176-900x604.jpg 900w, https:\/\/harttig.ch\/wp-content\/uploads\/2019\/07\/HEADER_RS1387_1310-EFH-Wolf17176-600x403.jpg 600w, https:\/\/harttig.ch\/wp-content\/uploads\/2019\/07\/HEADER_RS1387_1310-EFH-Wolf17176-400x269.jpg 400w\" sizes=\"auto, (min-width: 1000px) 50vw, (min-width: 690px) 50vw, 100vw\" \/>\n\t\t\t\t\t\t\t\t\t\t<div class=\"work-info-bg\"><\/div>\n\t\t\t\t\t\t\t\t\t\t<div class=\"work-info\">\n\n\t\t\t\t\t\t\t\t\t\t\t\n\n\t\t\t\t\t\t\t\t\t\t\t\t\n\t\t\t\t\t\t\t\t\t\t\t\t\t<a href=\"https:\/\/harttig.ch\/fr\/portfolio\/immeuble-dhabitation-lindenweg-macolin\/\"><span class=\"screen-reader-text\">Immeuble d&rsquo;habitation Lindenweg, Macolin<\/span><\/a>\n\n\t\t\t\t\t\t\t\t\t\t\t\t\n\n\t\t\t\t\t\t\t\t\t\t\t<div class=\"vert-center\">\n\t\t\t\t\t\t\t\t\t\t\t\t\t\t\t\t\t\t\t\t\t\t\t\t\t<h3>Immeuble d&rsquo;habitation Lindenweg, Macolin<\/h3>\n\t\t\t\t\t\t\t\t\t\t\t\t\t<p>Nouvelle construction<\/p>\t\t\t\t\t\t\t\t\t\t\t<\/div><!--\/vert-center-->\n\n\t\t\t\t\t\t\t\t\t\t<\/div>\n\t\t\t\t\t\t\t\t\t<\/div><!--work-item-->\n\n\t\t\t\t\t\t\t\t\n\n\t\t\t\t\t\t\t<\/div><!--\/inner-wrap-->\n\t\t\t\t\t\t<\/div><!--\/col-->\n\n\t\t\t\t\t\n\t\t\t\t\t\t\n\t\t\t\t\t\t<div class=\"col span_6 regular element projets-realises \"  data-project-cat=\"projets-realises \" data-default-color=\"true\" data-title-color=\"\" data-subtitle-color=\"\">\n\n\t\t\t\t\t\t\t<div class=\"inner-wrap animated\" data-animation=\"fade_in_from_bottom\">\n\n\t\t\t\t\t\t\t\t\n\t\t\t\t\t\t\t\t\t<div class=\"work-item style-2\" data-custom-content=\"off\">\n\n\t\t\t\t\t\t\t\t\t\t<img loading=\"lazy\" decoding=\"async\" class=\"size-regular skip-lazy\" src=\"https:\/\/harttig.ch\/wp-content\/uploads\/2019\/07\/projekt_uks_Projektdokumentation_6-500x500.jpg\" alt=\"Erweiterung Einfamilienhaus Schwadernau\" height=\"500\" width=\"500\" srcset=\"https:\/\/harttig.ch\/wp-content\/uploads\/2019\/07\/projekt_uks_Projektdokumentation_6-900x604.jpg 900w, https:\/\/harttig.ch\/wp-content\/uploads\/2019\/07\/projekt_uks_Projektdokumentation_6-600x403.jpg 600w, https:\/\/harttig.ch\/wp-content\/uploads\/2019\/07\/projekt_uks_Projektdokumentation_6-400x269.jpg 400w\" sizes=\"auto, (min-width: 1000px) 50vw, (min-width: 690px) 50vw, 100vw\" \/>\n\t\t\t\t\t\t\t\t\t\t<div class=\"work-info-bg\"><\/div>\n\t\t\t\t\t\t\t\t\t\t<div class=\"work-info\">\n\n\t\t\t\t\t\t\t\t\t\t\t\n\n\t\t\t\t\t\t\t\t\t\t\t\t\n\t\t\t\t\t\t\t\t\t\t\t\t\t<a href=\"https:\/\/harttig.ch\/fr\/portfolio\/immeuble-dhabitation-kanalweg-schwadernau\/\"><span class=\"screen-reader-text\">Immeuble d&rsquo;habitation Kanalweg, Schwadernau<\/span><\/a>\n\n\t\t\t\t\t\t\t\t\t\t\t\t\n\n\t\t\t\t\t\t\t\t\t\t\t<div class=\"vert-center\">\n\t\t\t\t\t\t\t\t\t\t\t\t\t\t\t\t\t\t\t\t\t\t\t\t\t<h3>Immeuble d&rsquo;habitation Kanalweg, Schwadernau<\/h3>\n\t\t\t\t\t\t\t\t\t\t\t\t\t<p>Transformation et extension<\/p>\t\t\t\t\t\t\t\t\t\t\t<\/div><!--\/vert-center-->\n\n\t\t\t\t\t\t\t\t\t\t<\/div>\n\t\t\t\t\t\t\t\t\t<\/div><!--work-item-->\n\n\t\t\t\t\t\t\t\t\n\n\t\t\t\t\t\t\t<\/div><!--\/inner-wrap-->\n\t\t\t\t\t\t<\/div><!--\/col-->\n\n\t\t\t\t\t\n\t\t\t\t\t\t\n\t\t\t\t\t\t<div class=\"col span_6 regular element projets-realises \"  data-project-cat=\"projets-realises \" data-default-color=\"true\" data-title-color=\"\" data-subtitle-color=\"\">\n\n\t\t\t\t\t\t\t<div class=\"inner-wrap animated\" data-animation=\"fade_in_from_bottom\">\n\n\t\t\t\t\t\t\t\t\n\t\t\t\t\t\t\t\t\t<div class=\"work-item style-2\" data-custom-content=\"off\">\n\n\t\t\t\t\t\t\t\t\t\t<img loading=\"lazy\" decoding=\"async\" class=\"size-regular skip-lazy\" src=\"https:\/\/harttig.ch\/wp-content\/uploads\/2019\/07\/Projekt_bellmund_00129-500x500.jpg\" alt=\"Neubau Wohnhaus Kornfeld Bellmund\" height=\"500\" width=\"500\" srcset=\"https:\/\/harttig.ch\/wp-content\/uploads\/2019\/07\/Projekt_bellmund_00129-900x604.jpg 900w, https:\/\/harttig.ch\/wp-content\/uploads\/2019\/07\/Projekt_bellmund_00129-600x403.jpg 600w, https:\/\/harttig.ch\/wp-content\/uploads\/2019\/07\/Projekt_bellmund_00129-400x269.jpg 400w\" sizes=\"auto, (min-width: 1000px) 50vw, (min-width: 690px) 50vw, 100vw\" \/>\n\t\t\t\t\t\t\t\t\t\t<div class=\"work-info-bg\"><\/div>\n\t\t\t\t\t\t\t\t\t\t<div class=\"work-info\">\n\n\t\t\t\t\t\t\t\t\t\t\t\n\n\t\t\t\t\t\t\t\t\t\t\t\t\n\t\t\t\t\t\t\t\t\t\t\t\t\t<a href=\"https:\/\/harttig.ch\/fr\/portfolio\/maison-dhabitation-kornfeld-bellmund\/\"><span class=\"screen-reader-text\">Maison d&rsquo;habitation Kornfeld, Bellmund<\/span><\/a>\n\n\t\t\t\t\t\t\t\t\t\t\t\t\n\n\t\t\t\t\t\t\t\t\t\t\t<div class=\"vert-center\">\n\t\t\t\t\t\t\t\t\t\t\t\t\t\t\t\t\t\t\t\t\t\t\t\t\t<h3>Maison d&rsquo;habitation Kornfeld, Bellmund<\/h3>\n\t\t\t\t\t\t\t\t\t\t\t\t\t<p>Nouvelle construction<\/p>\t\t\t\t\t\t\t\t\t\t\t<\/div><!--\/vert-center-->\n\n\t\t\t\t\t\t\t\t\t\t<\/div>\n\t\t\t\t\t\t\t\t\t<\/div><!--work-item-->\n\n\t\t\t\t\t\t\t\t\n\n\t\t\t\t\t\t\t<\/div><!--\/inner-wrap-->\n\t\t\t\t\t\t<\/div><!--\/col-->\n\n\t\t\t\t\t\n\t\t\t\t<\/div><!--\/portfolio-->\n\t\t\t<\/div><!--\/portfolio wrap-->\n\n\t\t\t[\/vc_column][\/vc_row]\n","protected":false},"excerpt":{"rendered":"<p>[vc_row type=\u00a0\u00bbfull_width_background\u00a0\u00bb full_screen_row_position=\u00a0\u00bbmiddle\u00a0\u00bb column_margin=\u00a0\u00bbdefault\u00a0\u00bb column_direction=\u00a0\u00bbdefault\u00a0\u00bb column_direction_tablet=\u00a0\u00bbdefault\u00a0\u00bb column_direction_phone=\u00a0\u00bbdefault\u00a0\u00bb scene_position=\u00a0\u00bbcenter\u00a0\u00bb top_padding=\u00a0\u00bb12%\u00a0\u00bb bottom_padding=\u00a0\u00bb3%\u00a0\u00bb text_color=\u00a0\u00bbdark\u00a0\u00bb text_align=\u00a0\u00bbleft\u00a0\u00bb row_border_radius=\u00a0\u00bbnone\u00a0\u00bb row_border_radius_applies=\u00a0\u00bbbg\u00a0\u00bb overflow=\u00a0\u00bbvisible\u00a0\u00bb enable_gradient=\u00a0\u00bbtrue\u00a0\u00bb overlay_strength=\u00a0\u00bb1&Prime; gradient_direction=\u00a0\u00bbleft_to_right\u00a0\u00bb shape_divider_position=\u00a0\u00bbbottom\u00a0\u00bb bg_image_animation=\u00a0\u00bbnone\u00a0\u00bb shape_type=\u00a0\u00bb\u00a0\u00bb][vc_column column_padding=\u00a0\u00bbno-extra-padding\u00a0\u00bb column_padding_tablet=\u00a0\u00bbinherit\u00a0\u00bb column_padding_phone=\u00a0\u00bbinherit\u00a0\u00bb column_padding_position=\u00a0\u00bball\u00a0\u00bb column_element_direction_desktop=\u00a0\u00bbdefault\u00a0\u00bb column_element_spacing=\u00a0\u00bbdefault\u00a0\u00bb desktop_text_alignment=\u00a0\u00bbdefault\u00a0\u00bb tablet_text_alignment=\u00a0\u00bbdefault\u00a0\u00bb phone_text_alignment=\u00a0\u00bbdefault\u00a0\u00bb&#8230;<\/p>\n","protected":false},"author":1,"featured_media":0,"parent":0,"menu_order":6,"comment_status":"closed","ping_status":"open","template":"","meta":{"footnotes":""},"class_list":["post-4962","page","type-page","status-publish"],"_links":{"self":[{"href":"https:\/\/harttig.ch\/fr\/wp-json\/wp\/v2\/pages\/4962","targetHints":{"allow":["GET"]}}],"collection":[{"href":"https:\/\/harttig.ch\/fr\/wp-json\/wp\/v2\/pages"}],"about":[{"href":"https:\/\/harttig.ch\/fr\/wp-json\/wp\/v2\/types\/page"}],"author":[{"embeddable":true,"href":"https:\/\/harttig.ch\/fr\/wp-json\/wp\/v2\/users\/1"}],"replies":[{"embeddable":true,"href":"https:\/\/harttig.ch\/fr\/wp-json\/wp\/v2\/comments?post=4962"}],"version-history":[{"count":2,"href":"https:\/\/harttig.ch\/fr\/wp-json\/wp\/v2\/pages\/4962\/revisions"}],"predecessor-version":[{"id":4967,"href":"https:\/\/harttig.ch\/fr\/wp-json\/wp\/v2\/pages\/4962\/revisions\/4967"}],"wp:attachment":[{"href":"https:\/\/harttig.ch\/fr\/wp-json\/wp\/v2\/media?parent=4962"}],"curies":[{"name":"wp","href":"https:\/\/api.w.org\/{rel}","templated":true}]}}